{"id":5,"date":"2025-02-25T17:03:47","date_gmt":"2025-02-25T16:03:47","guid":{"rendered":"http:\/\/airspe.org\/?page_id=5"},"modified":"2025-09-08T14:04:55","modified_gmt":"2025-09-08T12:04:55","slug":"accueil","status":"publish","type":"page","link":"https:\/\/airspe.org\/","title":{"rendered":"Accueil"},"content":{"rendered":"\n<p>L\u2019AIRSP\u00c9 a pour but le d\u00e9veloppement en langue fran\u00e7aise de la recherche scientifique et praxique en \u00e9ducation, la diffusion internationale et l\u2019utilisation de cette recherche en vue d\u2019am\u00e9liorer les conditions de l\u2019\u00e9ducation ainsi que l\u2019ensemble des activit\u00e9s et pratiques \u00e9ducatives.<br>Pour atteindre ces buts l\u2019AIRSP\u00c9 s\u2019applique notamment :<br>&#8211; \u00e0 contribuer \u00e0 la production des connaissances, \u00e0 la diffusion et \u00e0 l\u2019utilisation des apports de la recherche en \u00e9ducation. Dans ce domaine elle s\u2019efforcera d\u2019apporter, apr\u00e8s n\u00e9gociations, une aide technique aux \u00e9ducateurs, aux communaut\u00e9s, aux institutions scolaires.<br>&#8211; \u00e0 promouvoir le progr\u00e8s des techniques et la constitution du mat\u00e9riel propre \u00e0 accro\u00eetre la rigueur des d\u00e9marches des chercheurs et la mani\u00e8re la plus efficace de pr\u00e9senter leurs r\u00e9sultats.<br>&#8211; \u00e0 \u00e9tablir des contacts entre les chercheurs et les autres partenaires de l\u2019\u00e9ducation, \u00e0 favoriser entre eux les \u00e9changes sous toutes leurs formes de publication, d\u2019informations et de documents.<br>&#8211; \u00e0 susciter une coordination des recherches ainsi que la cr\u00e9ation de r\u00e9seaux de chercheurs autour de th\u00e8mes communs et susceptibles de faire l\u2019objet de communications lors des r\u00e9unions scientifiques.<br>&#8211; \u00e0 promouvoir une r\u00e9flexion permanente sur l\u2019\u00e9volution des champs \u00e9ducatifs et sur celles des d\u00e9marches scientifiques.<br>&#8211; \u00e0 contribuer \u00e0 la formation mutuelle de ses membres.<br>&#8211; \u00e0 r\u00e9unir p\u00e9riodiquement des colloques r\u00e9serv\u00e9s aux membres de l\u2019Association et d\u2019autres types de r\u00e9unions ouvertes \u00e0 un plus vaste public.<\/p>\n\n\n\n<h2 class=\"wp-block-heading\">Actualit\u00e9<\/h2>\n\n\n\n<div class=\"wp-block-query is-layout-flow wp-block-query-is-layout-flow\"><ul class=\"columns-3 wp-block-post-template is-layout-grid wp-container-core-post-template-is-layout-6d3fbd8f wp-block-post-template-is-layout-grid\"><li class=\"wp-block-post post-430 post type-post status-publish format-standard hentry category-actualite category-symposiums\">\n\n<div class=\"wp-block-group is-layout-flow wp-block-group-is-layout-flow\" style=\"padding-top:30px;padding-right:30px;padding-bottom:30px;padding-left:30px\"><h2 class=\"wp-block-post-title\"><a href=\"https:\/\/airspe.org\/index.php\/2025\/12\/14\/matinee-en-hommage-a-fred\/\" target=\"_self\" >Matin\u00e9e en hommage \u00e0 Fred<\/a><\/h2>\n\n<div class=\"wp-block-post-excerpt\"><p class=\"wp-block-post-excerpt__excerpt\"> <\/p><\/div>\n\n<div class=\"wp-block-post-date\"><time datetime=\"2025-12-14T19:51:39+01:00\">14 December 2025<\/time><\/div><\/div>\n\n<\/li><li class=\"wp-block-post post-428 post type-post status-publish format-standard hentry category-actualite\">\n\n<div class=\"wp-block-group is-layout-flow wp-block-group-is-layout-flow\" style=\"padding-top:30px;padding-right:30px;padding-bottom:30px;padding-left:30px\"><h2 class=\"wp-block-post-title\"><a href=\"https:\/\/airspe.org\/index.php\/2025\/12\/13\/hommage-a-fred\/\" target=\"_self\" >Hommage \u00e0 Fred<\/a><\/h2>\n\n<div class=\"wp-block-post-excerpt\"><p class=\"wp-block-post-excerpt__excerpt\">Avant toute chose, je voudrais remercier l\u2019AIRSPE de m\u2019offrir cet espace \u00e0 la fois silencieux, r\u00e9ceptif et int\u00e9rieurement vivant pour me faire l&#8217;\u00e9cho d&#8217;une pens\u00e9e et d&#8217;une \u00e9thique&nbsp;: celle d&#8217;une coll\u00e8gue, ma co-directrice de th\u00e8se, mais aussi, et avant tout, celle d&#8217;une amie. J\u2019ai choisi le mot \u00ab&nbsp;\u00e9cho&nbsp;\u00bb, et non \u00ab&nbsp;hommage&nbsp;\u00bb. Car l\u2019hommage ferme, coupe,&hellip; <\/p><\/div>\n\n<div class=\"wp-block-post-date\"><time datetime=\"2025-12-13T12:44:44+01:00\">13 December 2025<\/time><\/div><\/div>\n\n<\/li><li class=\"wp-block-post post-423 post type-post status-publish format-standard hentry category-actualite category-symposiums\">\n\n<div class=\"wp-block-group is-layout-flow wp-block-group-is-layout-flow\" style=\"padding-top:30px;padding-right:30px;padding-bottom:30px;padding-left:30px\"><h2 class=\"wp-block-post-title\"><a href=\"https:\/\/airspe.org\/index.php\/2025\/11\/21\/symposium-2025-2\/\" target=\"_self\" >Symposium 2025 &#8211; Affiche et programme<\/a><\/h2>\n\n<div class=\"wp-block-post-excerpt\"><p class=\"wp-block-post-excerpt__excerpt\"> <\/p><\/div>\n\n<div class=\"wp-block-post-date\"><time datetime=\"2025-11-21T17:26:31+01:00\">21 November 2025<\/time><\/div><\/div>\n\n<\/li><li class=\"wp-block-post post-277 post type-post status-publish format-standard hentry category-encours\">\n\n<div class=\"wp-block-group is-layout-flow wp-block-group-is-layout-flow\" style=\"padding-top:30px;padding-right:30px;padding-bottom:30px;padding-left:30px\"><h2 class=\"wp-block-post-title\"><a href=\"https:\/\/airspe.org\/index.php\/2025\/05\/06\/appel-a-articles-2026\/\" target=\"_self\" >Appel \u00e0 articles &#8211; 2026<\/a><\/h2>\n\n<div class=\"wp-block-post-excerpt\"><p class=\"wp-block-post-excerpt__excerpt\">Appel \u00e0 textes pour&nbsp;la revue class\u00e9e L\u2019Ann\u00e9e de la recherche en sciences de l\u2019\u00e9ducation&nbsp; num\u00e9ro 2026 Les sciences de la nature et les \u00e9ducations diff\u00e9renci\u00e9es&nbsp;Sous la direction de Johann-G\u00fcnther Egginger &amp; Laurent Gutierrez L\u2019introduction d\u2019un enseignement obligatoire des sciences dans les programmes de l\u2019\u00e9cole primaire en France est une innovation importante de la loi du&hellip; <\/p><\/div>\n\n<div class=\"wp-block-post-date\"><time datetime=\"2025-05-06T13:40:54+02:00\">6 May 2025<\/time><\/div><\/div>\n\n<\/li><li class=\"wp-block-post post-368 post type-post status-publish format-standard hentry category-actualite\">\n\n<div class=\"wp-block-group is-layout-flow wp-block-group-is-layout-flow\" style=\"padding-top:30px;padding-right:30px;padding-bottom:30px;padding-left:30px\"><h2 class=\"wp-block-post-title\"><a href=\"https:\/\/airspe.org\/index.php\/2025\/04\/14\/hommage-a-frederique-lerbet-sereni\/\" target=\"_self\" >Hommage \u00e0 Fr\u00e9d\u00e9rique Lerbet-S\u00e9r\u00e9ni<\/a><\/h2>\n\n<div class=\"wp-block-post-excerpt\"><p class=\"wp-block-post-excerpt__excerpt\">C&#8217;est une tr\u00e8s triste nouvelle que la disparition de Fred. J&#8217;ai eu l&#8217;immense chance d&#8217;avoir \u00e9t\u00e9 accompagn\u00e9 par elle pour ma th\u00e8se. Sa r\u00e9flexion sur l&#8217;accompagnement et surtout sa pratique de l&#8217;accompagnement offrait un cadre authentiquement ouvert \u00e0 la libert\u00e9 de chercher, \u00e0 la sensibilit\u00e9 du chercheur, \u00e0 probl\u00e9matiser ce qui l&#8217;\u00e9prouve et qui l&#8217;anime.&hellip; <\/p><\/div>\n\n<div class=\"wp-block-post-date\"><time datetime=\"2025-04-14T12:25:04+02:00\">14 April 2025<\/time><\/div><\/div>\n\n<\/li><li class=\"wp-block-post post-110 post type-post status-publish format-standard hentry category-symposiums\">\n\n<div class=\"wp-block-group is-layout-flow wp-block-group-is-layout-flow\" style=\"padding-top:30px;padding-right:30px;padding-bottom:30px;padding-left:30px\"><h2 class=\"wp-block-post-title\"><a href=\"https:\/\/airspe.org\/index.php\/2025\/03\/07\/symposium-2025\/\" target=\"_self\" >Symposium 2025<\/a><\/h2>\n\n<div class=\"wp-block-post-excerpt\"><p class=\"wp-block-post-excerpt__excerpt\">L\u2019Association Internationale de Recherche Scientifique et Praxique en \u00c9ducation (AIRSP\u00c9)&nbsp;invite la communaut\u00e9 scientifique, les praticien\u00b7ne\u00b7s de l\u2019\u00e9ducation, les enseignant\u00b7e\u00b7s et tous\u00b7tes celles et ceux int\u00e9ress\u00e9\u00b7e\u00b7s par les p\u00e9dagogies innovantes \u00e0 participer au&nbsp;Symposium 2025, qui aura lieu les&nbsp;28 et 29 novembre 2025 \u00e0 Paris. Ce symposium est li\u00e9 \u00e0 l\u2019appel \u00e0 textes pour le&nbsp;num\u00e9ro 2026 de&hellip; <\/p><\/div>\n\n<div class=\"wp-block-post-date\"><time datetime=\"2025-03-07T08:29:16+01:00\">7 March 2025<\/time><\/div><\/div>\n\n<\/li><\/ul><\/div>\n\n\n\n<p><\/p>\n","protected":false},"excerpt":{"rendered":"<p>L\u2019AIRSP\u00c9 a pour but le d\u00e9veloppement en langue fran\u00e7aise de la recherche scientifique et praxique en \u00e9ducation, la diffusion internationale et l\u2019utilisation de cette recherche en vue d\u2019am\u00e9liorer les conditions de l\u2019\u00e9ducation ainsi que l\u2019ensemble des activit\u00e9s et pratiques \u00e9ducatives.Pour atteindre ces buts l\u2019AIRSP\u00c9 s\u2019applique notamment :&#8211; \u00e0 contribuer \u00e0 la production des connaissances, \u00e0 [&hellip;]<\/p>\n","protected":false},"author":1,"featured_media":0,"parent":0,"menu_order":0,"comment_status":"closed","ping_status":"closed","template":"","meta":{"site-sidebar-layout":"default","site-content-layout":"","ast-site-content-layout":"default","site-content-style":"default","site-sidebar-style":"default","ast-global-header-display":"","ast-banner-title-visibility":"","ast-main-header-display":"","ast-hfb-above-header-display":"","ast-hfb-below-header-display":"","ast-hfb-mobile-header-display":"","site-post-title":"","ast-breadcrumbs-content":"","ast-featured-img":"","footer-sml-layout":"","ast-disable-related-posts":"","theme-transparent-header-meta":"","adv-header-id-meta":"","stick-header-meta":"","header-above-stick-meta":"","header-main-stick-meta":"","header-below-stick-meta":"","astra-migrate-meta-layouts":"default","ast-page-background-enabled":"default","ast-page-background-meta":{"desktop":{"background-color":"var(--ast-global-color-5)","background-image":"","background-repeat":"repeat","background-position":"center center","background-size":"auto","background-attachment":"scroll","background-type":"","background-media":"","overlay-type":"","overlay-color":"","overlay-opacity":"","overlay-gradient":""},"tablet":{"background-color":"","background-image":"","background-repeat":"repeat","background-position":"center center","background-size":"auto","background-attachment":"scroll","background-type":"","background-media":"","overlay-type":"","overlay-color":"","overlay-opacity":"","overlay-gradient":""},"mobile":{"background-color":"","background-image":"","background-repeat":"repeat","background-position":"center center","background-size":"auto","background-attachment":"scroll","background-type":"","background-media":"","overlay-type":"","overlay-color":"","overlay-opacity":"","overlay-gradient":""}},"ast-content-background-meta":{"desktop":{"background-color":"var(--ast-global-color-4)","background-image":"","background-repeat":"repeat","background-position":"center center","background-size":"auto","background-attachment":"scroll","background-type":"","background-media":"","overlay-type":"","overlay-color":"","overlay-opacity":"","overlay-gradient":""},"tablet":{"background-color":"var(--ast-global-color-4)","background-image":"","background-repeat":"repeat","background-position":"center center","background-size":"auto","background-attachment":"scroll","background-type":"","background-media":"","overlay-type":"","overlay-color":"","overlay-opacity":"","overlay-gradient":""},"mobile":{"background-color":"var(--ast-global-color-4)","background-image":"","background-repeat":"repeat","background-position":"center center","background-size":"auto","background-attachment":"scroll","background-type":"","background-media":"","overlay-type":"","overlay-color":"","overlay-opacity":"","overlay-gradient":""}},"footnotes":""},"class_list":["post-5","page","type-page","status-publish","hentry"],"_links":{"self":[{"href":"https:\/\/airspe.org\/index.php\/wp-json\/wp\/v2\/pages\/5","targetHints":{"allow":["GET"]}}],"collection":[{"href":"https:\/\/airspe.org\/index.php\/wp-json\/wp\/v2\/pages"}],"about":[{"href":"https:\/\/airspe.org\/index.php\/wp-json\/wp\/v2\/types\/page"}],"author":[{"embeddable":true,"href":"https:\/\/airspe.org\/index.php\/wp-json\/wp\/v2\/users\/1"}],"replies":[{"embeddable":true,"href":"https:\/\/airspe.org\/index.php\/wp-json\/wp\/v2\/comments?post=5"}],"version-history":[{"count":10,"href":"https:\/\/airspe.org\/index.php\/wp-json\/wp\/v2\/pages\/5\/revisions"}],"predecessor-version":[{"id":411,"href":"https:\/\/airspe.org\/index.php\/wp-json\/wp\/v2\/pages\/5\/revisions\/411"}],"wp:attachment":[{"href":"https:\/\/airspe.org\/index.php\/wp-json\/wp\/v2\/media?parent=5"}],"curies":[{"name":"wp","href":"https:\/\/api.w.org\/{rel}","templated":true}]}}