{"id":435,"date":"2026-01-10T10:29:36","date_gmt":"2026-01-10T09:29:36","guid":{"rendered":"https:\/\/airspe.org\/?page_id=435"},"modified":"2026-02-16T15:32:23","modified_gmt":"2026-02-16T14:32:23","slug":"lecole-de-la-republique-de-la-necessaire-participation-a-la-formation-des-citoyennes-et-des-citoyens-a-lenjeu-de-former-les-enseignants-a-cette-tache-majeure","status":"publish","type":"page","link":"https:\/\/airspe.org\/index.php\/la-revue\/numeros-parus\/lecole-de-la-republique-de-la-necessaire-participation-a-la-formation-des-citoyennes-et-des-citoyens-a-lenjeu-de-former-les-enseignants-a-cette-tache-majeure\/","title":{"rendered":"L\u2019\u00c9cole de la R\u00e9publique : de la n\u00e9cessaire participation \u00e0 la formation des citoyennes et des citoyens \u00e0 l\u2019enjeu de former les enseignants \u00e0 cette t\u00e2che majeure"},"content":{"rendered":"\n<p>n\u00b0 2025<\/p>\n\n\n\n<h2 class=\"wp-block-heading\">R\u00e9sum\u00e9<\/h2>\n\n\n\n<p>La forme \u00ab&nbsp;R\u00e9publique&nbsp;\u00bb suppose des citoyennes et des citoyens&nbsp;\u2014&nbsp;les \u00e9l\u00e9ments qu\u2019elles et qu\u2019ils constituent sont impensables sans cette forme d\u2019organisation et lui sont en m\u00eame temps indispensables. Or, de nos jours, en France, o\u00f9, quand, comment, forme-t-on citoyennes et citoyens&nbsp;? S\u2019il n\u2019est pas question de promouvoir une sorte de monopole, pour l\u2019\u00c9cole, de la formation des citoyennes et des citoyens, il serait impensable, vu le temps pass\u00e9 par les enfants et les adolescents dans cette institution de la R\u00e9publique, de ne pas inscrire cette t\u00e2che dans ses missions. L\u2019une des conditions de cette exigence, sinon la premi\u00e8re, c\u2019est bien s\u00fbr de former les enseignants \u00e0 cette t\u00e2che. Le dossier 1 aborde donc cette double perspective&nbsp;: l\u2019indispensable \u00ab&nbsp;volet&nbsp;\u00bb formation des citoyennes et citoyens par l\u2019\u00c9cole, et la formation des enseignants \u00e0 cette t\u00e2che. Le dossier 2 inaugure une nouvelle rubrique de notre revue&nbsp;: celle des praxis \u00e9ducatives. Comme on le verra, cette attention \u00e0 la praxis n\u2019\u00e9limine pas la question de la formation des citoyens.<\/p>\n\n\n\n<div class=\"wp-block-buttons is-layout-flex wp-block-buttons-is-layout-flex\">\n<div class=\"wp-block-button\"><a class=\"wp-block-button__link wp-element-button\" href=\"https:\/\/shs.cairn.info\/revue-l-annee-de-la-recherche-en-sciences-de-leducation-2025-1?lang=fr\">Lire sur Cairn<\/a><\/div>\n<\/div>\n\n\n\n<h2 class=\"wp-block-heading\">Sommaire<\/h2>\n\n\n\n<p><a href=\"https:\/\/shs.cairn.info\/revue-l-annee-de-la-recherche-en-sciences-de-leducation-2025-1-page-7?lang=fr\">Politique de la formation, praxis et diffusion num\u00e9rique<\/a><br><font style=\"font-feature-settings: 'smcp'\" font=\"\" size=\"2\"><a href=\"https:\/\/airspe.org\/index.php\/la-revue\/auteurs\/pierre-johan-laffitte\/\">Pierre Johan Laffitte<\/a>, <a href=\"https:\/\/airspe.org\/index.php\/la-revue\/auteurs\/jean-claude-sallaberry\/\">Jean-Claude Sallaberry<\/a><\/font><\/p>\n\n<p><a href=\"https:\/\/shs.cairn.info\/revue-l-annee-de-la-recherche-en-sciences-de-leducation-2025-1-page-13?lang=fr\">Pr\u00e9sentation du dossier 1<\/a><br><font style=\"font-feature-settings: 'smcp'\" font=\"\" size=\"2\"><a href=\"https:\/\/airspe.org\/index.php\/la-revue\/auteurs\/vincent-gevrey\/\">Vincent Gevrey<\/a>, <a href=\"https:\/\/airspe.org\/index.php\/la-revue\/auteurs\/alexandre-ploye\/\">Alexandre Ploy\u00e9<\/a><\/font><\/p>\n\n<p><a href=\"https:\/\/shs.cairn.info\/revue-l-annee-de-la-recherche-en-sciences-de-leducation-2025-1-page-17?lang=fr\">Le master \u00ab Sciences cognitives appliqu\u00e9es, option \u00c9ducation et Cognition \u00bb<\/a><br><font style=\"font-feature-settings: 'smcp'\" font=\"\" size=\"2\"><a href=\"https:\/\/airspe.org\/index.php\/la-revue\/auteurs\/jean-claude-sallaberry\/\">Jean-Claude Sallaberry<\/a><\/font><\/p>\n\n<p><a href=\"https:\/\/shs.cairn.info\/revue-l-annee-de-la-recherche-en-sciences-de-leducation-2025-1-page-32?lang=fr\">De la n\u00e9cessaire formation au groupe<\/a><br><font style=\"font-feature-settings: 'smcp'\" font=\"\" size=\"2\"><a href=\"https:\/\/airspe.org\/index.php\/la-revue\/auteurs\/denis-bignalet-cazalet\/\">Denis Bignalet-Cazalet<\/a><\/font><\/p>\n\n<p><a href=\"https:\/\/shs.cairn.info\/revue-l-annee-de-la-recherche-en-sciences-de-leducation-2025-1-page-42?lang=fr\">Former \u00e0 une dynamique d\u00e9mocratique de groupe<\/a><br><font style=\"font-feature-settings: 'smcp'\" font=\"\" size=\"2\"><a href=\"https:\/\/airspe.org\/index.php\/la-revue\/auteurs\/jean-vannereau\/\">Jean Vannereau<\/a><\/font><\/p>\n\n<p><a href=\"https:\/\/shs.cairn.info\/revue-l-annee-de-la-recherche-en-sciences-de-leducation-2025-1-page-48?lang=fr\">\u00c9duquer \u00e0 la citoyennet\u00e9 dans une structure exp\u00e9rimentale de raccrochage scolaire<\/a><br><font style=\"font-feature-settings: 'smcp'\" font=\"\" size=\"2\"><a href=\"https:\/\/airspe.org\/index.php\/la-revue\/auteurs\/valerie-melin\/\">Val\u00e9rie Melin<\/a><\/font><\/p>\n\n<p><a href=\"https:\/\/shs.cairn.info\/revue-l-annee-de-la-recherche-en-sciences-de-leducation-2025-1-page-61?lang=fr\">Former les enseignants \u00e0 une professionnalit\u00e9 inclusive : une voie privil\u00e9gi\u00e9e pour promouvoir la formation \u00e0 une citoyennet\u00e9 active.<\/a><br><font style=\"font-feature-settings: 'smcp'\" font=\"\" size=\"2\"><a href=\"https:\/\/airspe.org\/index.php\/la-revue\/auteurs\/magdalena-kohout-diaz\/\">Magdalena Kohout-Diaz<\/a><\/font><\/p>\n\n<p><a href=\"https:\/\/shs.cairn.info\/revue-l-annee-de-la-recherche-en-sciences-de-leducation-2025-1-page-72?lang=fr\">Analyse des mises en \u0153uvre de la formation des futurs enseignants aux Valeurs de la R\u00e9publique : une approche pluridisciplinaire<\/a><br><font style=\"font-feature-settings: 'smcp'\" font=\"\" size=\"2\"><a href=\"https:\/\/airspe.org\/index.php\/la-revue\/auteurs\/marie-france-fanton-bayrou\/\">Marie-France Fanton-Bayrou<\/a>, <a href=\"https:\/\/airspe.org\/index.php\/la-revue\/auteurs\/dimitri-le-roy\/\">Dimitri Le Roy<\/a>, <a href=\"https:\/\/airspe.org\/index.php\/la-revue\/auteurs\/lisa-adamski\/\">Lisa Adamski<\/a>, <a href=\"https:\/\/airspe.org\/index.php\/la-revue\/auteurs\/jean-christophe-tutin\/\">Jean-Christophe Tutin<\/a><\/font><\/p>\n\n<p><a href=\"https:\/\/shs.cairn.info\/revue-l-annee-de-la-recherche-en-sciences-de-leducation-2025-1-page-84?lang=fr\">L\u2019\u00e9mergence d\u2019une pratique d\u00e9mocratique dans l\u2019\u00e9cole de la R\u00e9publique. Une monnaie int\u00e9rieure au coll\u00e8ge : Les points de confiance<\/a><br><font style=\"font-feature-settings: 'smcp'\" font=\"\" size=\"2\"><a href=\"https:\/\/airspe.org\/index.php\/la-revue\/auteurs\/del-aram-bidabad\/\">Del Aram Bidabad<\/a>, <a href=\"https:\/\/airspe.org\/index.php\/la-revue\/auteurs\/olivier-francomme\/\">Olivier Francomme<\/a><\/font><\/p>\n\n<p><a href=\"https:\/\/shs.cairn.info\/revue-l-annee-de-la-recherche-en-sciences-de-leducation-2025-1-page-104?lang=fr\">La coop\u00e9ration en classe pour former \u00e0 la citoyennet\u00e9 : une exp\u00e9rience \u00e0 accompagner lucidement par les enseignants<\/a><br><font style=\"font-feature-settings: 'smcp'\" font=\"\" size=\"2\"><a href=\"https:\/\/airspe.org\/index.php\/la-revue\/auteurs\/nicolas-epinoux\/\">Nicolas Epinoux<\/a><\/font><\/p>\n\n<p><a href=\"https:\/\/shs.cairn.info\/revue-l-annee-de-la-recherche-en-sciences-de-leducation-2025-1-page-123?lang=fr\">La justice \u00e0 l\u2019\u00e9cran. Variations de la curiosit\u00e9 des \u00e9l\u00e8ves selon les pratiques enseignantes<\/a><br><font style=\"font-feature-settings: 'smcp'\" font=\"\" size=\"2\"><a href=\"https:\/\/airspe.org\/index.php\/la-revue\/auteurs\/camille-amilhat\/\">Camille Amilhat<\/a><\/font><\/p>\n\n<p><a href=\"https:\/\/shs.cairn.info\/revue-l-annee-de-la-recherche-en-sciences-de-leducation-2025-1-page-136?lang=fr\">Les enjeux pour une \u00e9ducation \u00e0 la citoyennet\u00e9 int\u00e9grale<\/a><br><font style=\"font-feature-settings: 'smcp'\" font=\"\" size=\"2\"><a href=\"https:\/\/airspe.org\/index.php\/la-revue\/auteurs\/guy-vidal\/\">Guy Vidal<\/a><\/font><\/p>\n\n<p><a href=\"https:\/\/shs.cairn.info\/revue-l-annee-de-la-recherche-en-sciences-de-leducation-2025-1-page-153?lang=fr\">La formation citoyenne en Maison Familiale Rurale<\/a><br><font style=\"font-feature-settings: 'smcp'\" font=\"\" size=\"2\"><a href=\"https:\/\/airspe.org\/index.php\/la-revue\/auteurs\/xavier-cosnard\/\">Xavier Cosnard<\/a><\/font><\/p>\n\n<p><a href=\"https:\/\/shs.cairn.info\/revue-l-annee-de-la-recherche-en-sciences-de-leducation-2025-1-page-163?lang=fr\">Praxis \u00e9ducatives (Pr\u00e9sentation)<\/a><br><font style=\"font-feature-settings: 'smcp'\" font=\"\" size=\"2\"><a href=\"https:\/\/airspe.org\/index.php\/la-revue\/auteurs\/del-aram-bidabad\/\">Del Aram Bidabad<\/a><\/font><\/p>\n\n<p><a href=\"https:\/\/shs.cairn.info\/revue-l-annee-de-la-recherche-en-sciences-de-leducation-2025-1-page-165?lang=fr\">Qu\u2019est-ce qu\u2019on fout l\u00e0 ?<\/a><br><font style=\"font-feature-settings: 'smcp'\" font=\"\" size=\"2\"><a href=\"https:\/\/airspe.org\/index.php\/la-revue\/auteurs\/marie-eschmann\/\">Marie Eschmann<\/a><\/font><\/p>\n\n<p><a href=\"https:\/\/shs.cairn.info\/revue-l-annee-de-la-recherche-en-sciences-de-leducation-2025-1-page-179?lang=fr\">Plaidoyer en faveur de l\u2019usage des ateliers d\u2019analyse de pratiques dans la formation<\/a><br><font style=\"font-feature-settings: 'smcp'\" font=\"\" size=\"2\"><a href=\"https:\/\/airspe.org\/index.php\/la-revue\/auteurs\/denis-bignalet-cazalet\/\">Denis Bignalet-Cazalet<\/a><\/font><\/p>\n\n<p><a href=\"https:\/\/shs.cairn.info\/revue-l-annee-de-la-recherche-en-sciences-de-leducation-2025-1-page-192?lang=fr\">De l\u2019Institut Sup\u00e9rieur de P\u00e9dagogie \u00e0 la Facult\u00e9 d\u2019\u00c9ducation et de Formation : la formation en question<\/a><br><font style=\"font-feature-settings: 'smcp'\" font=\"\" size=\"2\"><a href=\"https:\/\/airspe.org\/index.php\/la-revue\/auteurs\/pierre-antoine-coene\/\">Pierre-Antoine Coene<\/a>, <a href=\"https:\/\/airspe.org\/index.php\/la-revue\/auteurs\/anne-olivier\/\">Anne Olivier<\/a>, <a href=\"https:\/\/airspe.org\/index.php\/la-revue\/auteurs\/augustin-mutuale\/\">Augustin Mutuale<\/a><\/font><\/p>\n\n<p><a href=\"https:\/\/shs.cairn.info\/revue-l-annee-de-la-recherche-en-sciences-de-leducation-2025-1-page-203?lang=fr\">\u00c9ducation coop\u00e9rative et citoyennet\u00e9 : le r\u00f4le du groupe ChamPIgnon Pajol dans la formation des citoyens<\/a><br><font style=\"font-feature-settings: 'smcp'\" font=\"\" size=\"2\"><a href=\"https:\/\/airspe.org\/index.php\/la-revue\/auteurs\/del-aram-bidabad\/\">Del Aram Bidabad<\/a>, <a href=\"https:\/\/airspe.org\/index.php\/la-revue\/auteurs\/anne-delcourt\/\">Anne Delcourt<\/a>, <a href=\"https:\/\/airspe.org\/index.php\/la-revue\/auteurs\/veronique-riviere\/\">V\u00e9ronique Rivi\u00e8re<\/a><\/font><\/p>\n\n<p><a href=\"https:\/\/shs.cairn.info\/revue-l-annee-de-la-recherche-en-sciences-de-leducation-2025-1-page-217?lang=fr\">Agir enseignant au service de la r\u00e9gulation du climat de classe, entre logiques autocratiques et logiques d\u00e9mocratiques<\/a><br><font style=\"font-feature-settings: 'smcp'\" font=\"\" size=\"2\"><a href=\"https:\/\/airspe.org\/index.php\/la-revue\/auteurs\/remi-poymiro\/\">R\u00e9mi Poymiro<\/a><\/font><\/p>\n\n<p><a href=\"https:\/\/shs.cairn.info\/revue-l-annee-de-la-recherche-en-sciences-de-leducation-2025-1-page-232?lang=fr\">Des pratiques collaboratives au partage de valeurs : \u00e9tude d\u2019un mod\u00e8le p\u00e9dagogique pour l\u2019enseignement moral et civique<\/a><br><font style=\"font-feature-settings: 'smcp'\" font=\"\" size=\"2\"><a href=\"https:\/\/airspe.org\/index.php\/la-revue\/auteurs\/pierre-lignee\/\">Pierre Lign\u00e9e<\/a>, <a href=\"https:\/\/airspe.org\/index.php\/la-revue\/auteurs\/nabila-errami\/\">Nabila Errami<\/a>, <a href=\"https:\/\/airspe.org\/index.php\/la-revue\/auteurs\/florent-pasquier\/\">Florent Pasquier<\/a><\/font><\/p>\n\n<p><a href=\"https:\/\/shs.cairn.info\/revue-l-annee-de-la-recherche-en-sciences-de-leducation-2025-1-page-243?lang=fr\">Le \u00ab club ados \u00bb : restaurer la confiance en soi et en l\u2019autre chez des adolescents en situation de fragilit\u00e9<\/a><br><font style=\"font-feature-settings: 'smcp'\" font=\"\" size=\"2\"><a href=\"https:\/\/airspe.org\/index.php\/la-revue\/auteurs\/servane-boursier\/\">Servane Boursier<\/a><\/font><\/p>\n\n<p><a href=\"https:\/\/shs.cairn.info\/revue-l-annee-de-la-recherche-en-sciences-de-leducation-2025-1-page-252?lang=fr\">Entre p\u00e9dagogie et pathologie la tension comme condition de la praxis de l\u2019AESH contribution en premi\u00e8re personne pour une tentative d\u2019\u00e9lucidation de la fonction troublante du m\u00e9tier impossible \u00ab autre \u00bb<\/a><br><font style=\"font-feature-settings: 'smcp'\" font=\"\" size=\"2\"><a href=\"https:\/\/airspe.org\/index.php\/la-revue\/auteurs\/ricardo-tome-pena\/\">Ricardo Tom\u00e9 Pe\u00f1a<\/a><\/font><\/p>\n\n<p><a href=\"https:\/\/shs.cairn.info\/revue-l-annee-de-la-recherche-en-sciences-de-leducation-2025-1-page-262?lang=fr\">La praxis et la fourmi<\/a><br><font style=\"font-feature-settings: 'smcp'\" font=\"\" size=\"2\"><a href=\"https:\/\/airspe.org\/index.php\/la-revue\/auteurs\/veronique-pinoteau\/\">V\u00e9ronique Pinoteau<\/a><\/font><\/p>\n\n<p><a href=\"https:\/\/shs.cairn.info\/revue-l-annee-de-la-recherche-en-sciences-de-leducation-2025-1-page-272?lang=fr\">Transformer les praxis enseignantes pour l\u2019inclusion scolaire des enfants en situation de handicap : une voie vers le statut d\u2019\u00e9l\u00e8ve<\/a><br><font style=\"font-feature-settings: 'smcp'\" font=\"\" size=\"2\"><a href=\"https:\/\/airspe.org\/index.php\/la-revue\/auteurs\/barbara-verite\/\">Barbara V\u00e9rit\u00e9<\/a><\/font><\/p>\n\n<p><a href=\"https:\/\/shs.cairn.info\/revue-l-annee-de-la-recherche-en-sciences-de-leducation-2025-1-page-287?lang=fr\">La citoyennet\u00e9 \u00e0 l\u2019\u00e9cole, entre \u00e9vidence, d\u00e9fi et conviction. Un avis engag\u00e9<\/a><br><font style=\"font-feature-settings: 'smcp'\" font=\"\" size=\"2\"><a href=\"https:\/\/airspe.org\/index.php\/la-revue\/auteurs\/jean-francois-albert\/\">Jean-Fran\u00e7ois Albert<\/a><\/font><\/p>\n\n<p><a href=\"https:\/\/shs.cairn.info\/revue-l-annee-de-la-recherche-en-sciences-de-leducation-2025-1-page-296?lang=fr\"><em>Pura vida<\/em>. Colegio Kurmi Wasi, Une praxis p\u00e9dagogique aymara enracin\u00e9e et ouverte<\/a><br><font style=\"font-feature-settings: 'smcp'\" font=\"\" size=\"2\"><a href=\"https:\/\/airspe.org\/index.php\/la-revue\/auteurs\/pierre-johan-laffitte\/\">Pierre Johan Laffitte<\/a><\/font><\/p>\n\n<p><a href=\"https:\/\/shs.cairn.info\/revue-l-annee-de-la-recherche-en-sciences-de-leducation-2025-1-page-307?lang=fr\">Du <em>Cantique des cantiques<\/em> \u00e0 <em>La Quantique des cantiques<\/em>, en passant par le <em>Cantique des quantiques<\/em><\/a><br><font style=\"font-feature-settings: 'smcp'\" font=\"\" size=\"2\"><a href=\"https:\/\/airspe.org\/index.php\/la-revue\/auteurs\/jean-claude-sallaberry\/\">Jean-Claude Sallaberry<\/a><\/font><\/p>\n\n\n\n<p><\/p>\n\n\n\n<p><\/p>\n","protected":false},"excerpt":{"rendered":"<p>n\u00b0 2025 R\u00e9sum\u00e9 La forme \u00ab&nbsp;R\u00e9publique&nbsp;\u00bb suppose des citoyennes et des citoyens&nbsp;\u2014&nbsp;les \u00e9l\u00e9ments qu\u2019elles et qu\u2019ils constituent sont impensables sans cette forme d\u2019organisation et lui sont en m\u00eame temps indispensables. Or, de nos jours, en France, o\u00f9, quand, comment, forme-t-on citoyennes et citoyens&nbsp;? S\u2019il n\u2019est pas question de promouvoir une sorte de monopole, pour l\u2019\u00c9cole, [&hellip;]<\/p>\n","protected":false},"author":1,"featured_media":0,"parent":84,"menu_order":0,"comment_status":"closed","ping_status":"closed","template":"","meta":{"site-sidebar-layout":"default","site-content-layout":"","ast-site-content-layout":"default","site-content-style":"default","site-sidebar-style":"default","ast-global-header-display":"","ast-banner-title-visibility":"","ast-main-header-display":"","ast-hfb-above-header-display":"","ast-hfb-below-header-display":"","ast-hfb-mobile-header-display":"","site-post-title":"","ast-breadcrumbs-content":"","ast-featured-img":"","footer-sml-layout":"","ast-disable-related-posts":"","theme-transparent-header-meta":"","adv-header-id-meta":"","stick-header-meta":"","header-above-stick-meta":"","header-main-stick-meta":"","header-below-stick-meta":"","astra-migrate-meta-layouts":"default","ast-page-background-enabled":"default","ast-page-background-meta":{"desktop":{"background-color":"var(--ast-global-color-5)","background-image":"","background-repeat":"repeat","background-position":"center center","background-size":"auto","background-attachment":"scroll","background-type":"","background-media":"","overlay-type":"","overlay-color":"","overlay-opacity":"","overlay-gradient":""},"tablet":{"background-color":"","background-image":"","background-repeat":"repeat","background-position":"center center","background-size":"auto","background-attachment":"scroll","background-type":"","background-media":"","overlay-type":"","overlay-color":"","overlay-opacity":"","overlay-gradient":""},"mobile":{"background-color":"","background-image":"","background-repeat":"repeat","background-position":"center center","background-size":"auto","background-attachment":"scroll","background-type":"","background-media":"","overlay-type":"","overlay-color":"","overlay-opacity":"","overlay-gradient":""}},"ast-content-background-meta":{"desktop":{"background-color":"var(--ast-global-color-4)","background-image":"","background-repeat":"repeat","background-position":"center center","background-size":"auto","background-attachment":"scroll","background-type":"","background-media":"","overlay-type":"","overlay-color":"","overlay-opacity":"","overlay-gradient":""},"tablet":{"background-color":"var(--ast-global-color-4)","background-image":"","background-repeat":"repeat","background-position":"center center","background-size":"auto","background-attachment":"scroll","background-type":"","background-media":"","overlay-type":"","overlay-color":"","overlay-opacity":"","overlay-gradient":""},"mobile":{"background-color":"var(--ast-global-color-4)","background-image":"","background-repeat":"repeat","background-position":"center center","background-size":"auto","background-attachment":"scroll","background-type":"","background-media":"","overlay-type":"","overlay-color":"","overlay-opacity":"","overlay-gradient":""}},"footnotes":""},"class_list":["post-435","page","type-page","status-publish","hentry"],"_links":{"self":[{"href":"https:\/\/airspe.org\/index.php\/wp-json\/wp\/v2\/pages\/435","targetHints":{"allow":["GET"]}}],"collection":[{"href":"https:\/\/airspe.org\/index.php\/wp-json\/wp\/v2\/pages"}],"about":[{"href":"https:\/\/airspe.org\/index.php\/wp-json\/wp\/v2\/types\/page"}],"author":[{"embeddable":true,"href":"https:\/\/airspe.org\/index.php\/wp-json\/wp\/v2\/users\/1"}],"replies":[{"embeddable":true,"href":"https:\/\/airspe.org\/index.php\/wp-json\/wp\/v2\/comments?post=435"}],"version-history":[{"count":59,"href":"https:\/\/airspe.org\/index.php\/wp-json\/wp\/v2\/pages\/435\/revisions"}],"predecessor-version":[{"id":642,"href":"https:\/\/airspe.org\/index.php\/wp-json\/wp\/v2\/pages\/435\/revisions\/642"}],"up":[{"embeddable":true,"href":"https:\/\/airspe.org\/index.php\/wp-json\/wp\/v2\/pages\/84"}],"wp:attachment":[{"href":"https:\/\/airspe.org\/index.php\/wp-json\/wp\/v2\/media?parent=435"}],"curies":[{"name":"wp","href":"https:\/\/api.w.org\/{rel}","templated":true}]}}