{"id":340,"date":"2025-08-12T09:13:57","date_gmt":"2025-08-12T07:13:57","guid":{"rendered":"https:\/\/airspe.org\/?page_id=340"},"modified":"2025-08-12T09:49:30","modified_gmt":"2025-08-12T07:49:30","slug":"les-pratiques-dencadrement-deducation-denseignement-et-de-formation-professionnelle-a-lere-inclusive-entre-conformismes-et-diversites","status":"publish","type":"page","link":"https:\/\/airspe.org\/index.php\/la-revue\/numeros-parus\/les-pratiques-dencadrement-deducation-denseignement-et-de-formation-professionnelle-a-lere-inclusive-entre-conformismes-et-diversites\/","title":{"rendered":"Les pratiques d\u2019encadrement, d\u2019\u00e9ducation, d\u2019enseignement et de formation professionnelle \u00e0 l\u2019\u00e8re inclusive : entre conformismes et diversit\u00e9s"},"content":{"rendered":"\n<p>n\u00b0 2024<\/p>\n\n\n\n<p>Sous la direction de Magdalena Kohout-Diaz et Jean Vannereau\u00a0<\/p>\n\n\n\n<p>ISBN : 978-2-336-49168-4<\/p>\n\n\n\n<h2 class=\"wp-block-heading\">R\u00e9sum\u00e9<\/h2>\n\n\n\n<p>Dans un contexte o\u00f9 l\u2019\u00e9ducation inclusive est affich\u00e9e comme une priorit\u00e9 mondiale, les pratiques de formation, \u00e9ducatives ou manag\u00e9riales r\u00e9v\u00e8lent un \u00e9cart parfois saisissant entre les id\u00e9aux et les r\u00e9alit\u00e9s. Alors que l\u2019approche inclusive se veut une r\u00e9ponse \u00e0 la diversit\u00e9 des besoins et des parcours, un retour vers le conformisme, la s\u00e9curisation et le rejet de l\u2019alt\u00e9rit\u00e9 se fait jour.<br>Ce dossier explore ces tensions dans l\u2019encadrement, l\u2019enseignement et la formation professionnelle, en adoptant diverses approches th\u00e9oriques et m\u00e9thodologiques. Il interroge l\u2019impact des normes manag\u00e9riales et des outils num\u00e9riques sur les processus d\u2019enseignement et de formation, et propose une r\u00e9flexion critique sur les paradoxes li\u00e9s aux transitions inclusives. Au-del\u00e0 de la diversit\u00e9 culturelle ou cognitive, la perspective inclusive est ici per\u00e7ue comme une construction discursive qui fa\u00e7onne les pratiques professionnelles. Pluridisciplinaire et multi r\u00e9f\u00e9rentiel, sous l\u2019\u00e9gide de l\u2019A.I.R.S.P.\u00c9., le num\u00e9ro r\u00e9unit chercheurs, formateurs et enseignants qui examinent l\u2019influence des normes homog\u00e9n\u00e9isantes sur les pratiques p\u00e9dagogiques et mettent en lumi\u00e8re des mod\u00e8les valorisant la diversit\u00e9 des trajectoires \u00e9ducatives et professionnelles.<\/p>\n\n\n\n<h2 class=\"wp-block-heading\">Sommaire<\/h2>\n\n\n\n<p>\u00c9ditorial<br><font style=\"font-feature-settings: 'smcp'\" font=\"\" size=\"2\">Pierre Johan Laffitte, Jean-Claude Sallaberry<\/font><\/p>\n\n\n\n<p>Pr\u00e9sentation du num\u00e9ro<br><font style=\"font-feature-settings: 'smcp'\" font=\"\" size=\"2\">Magdalena Kohout-Diaz, Jean Vannereau<\/font><\/p>\n\n\n\n<p><strong>Encadrement en \u00e9ducation<\/strong><\/p>\n\n\n\n<p>Alliances \u00e9ducatives, citoyennet\u00e9 active et formation : deux exp\u00e9rimentations territoriales inclusives<br><font style=\"font-feature-settings: 'smcp'\" font=\"\" size=\"2\">Olivier Pr\u00e9v\u00f4t, Estelle Crochu<\/font><\/p>\n\n\n\n<p>Les pratiques d\u2019encadrement des AESH : une identit\u00e9 professionnelle caract\u00e9ris\u00e9e par un \u00ab sale boulot \u00bb paradoxal en contexte de transition inclusive<br><font style=\"font-feature-settings: 'smcp'\" font=\"\" size=\"2\">Amandine Desmonts, Sophie Martinet, C\u00e9cile Ghienne, C\u00e9cile Redondo<\/font><\/p>\n\n\n\n<p>Sans la diversit\u00e9, pas d\u2019inclusion : un ordre \u00e0 suivre en \u00e9ducation<br><font style=\"font-feature-settings: 'smcp'\" font=\"\" size=\"2\">Komi Mawouli Gbebe<\/font><\/p>\n\n\n\n<p>Les pratiques des enseignants des unit\u00e9s p\u00e9dagogiques pour \u00e9l\u00e8ves allophones : ou le paradoxe de l\u2019invisibilit\u00e9<br><font style=\"font-feature-settings: 'smcp'\" font=\"\" size=\"2\">Houria Meddas<\/font><\/p>\n\n\n\n<p>Les strat\u00e9gies d\u2019inclusion dans l\u2019encadrement au cycle doctoral dans les universit\u00e9s camerounaises : cas de l\u2019universit\u00e9 de Yaound\u00e9<br><font style=\"font-feature-settings: 'smcp'\" font=\"\" size=\"2\">Robert Mbella Mbapp\u00e9<\/font><\/p>\n\n\n\n<p>Malentendus et attentes vis-\u00e0-vis de la co\u00e9ducation. Le cas des familles en situation de grande pauvret\u00e9<br><font style=\"font-feature-settings: 'smcp'\" font=\"\" size=\"2\">Lucie Mougenot, Fadhila Mouzaoui<\/font><\/p>\n\n\n\n<p>\u00c9coutons les \u00e9tudiants parler de l\u2019inclusivit\u00e9 universitaire<br><font style=\"font-feature-settings: 'smcp'\" font=\"\" size=\"2\">Capucine Huet<\/font><\/p>\n\n\n\n<p>Individualisme, accompagnement, inclusion : l\u2019axiologie d\u00e9mocratique en d\u00e9ploiement<br><font style=\"font-feature-settings: 'smcp'\" font=\"\" size=\"2\">Camille Roelens<\/font><\/p>\n\n\n\n<p><strong>Formation professionnelle\u00a0<\/strong><\/p>\n\n\n\n<p>L\u2019analyse de pratiques r\u00e9flexives&nbsp;: un analyseur des conditions d\u2019un changement de posture chez l\u2019enseignant en formation pour l\u2019\u00e9cole inclusive<br><font style=\"font-feature-settings: 'smcp'\" font=\"\" size=\"2\">V\u00e9ronique Fortun Carillat<\/font><\/p>\n\n\n\n<p>Entre inclusion et exclusion dans la formation en soins infirmiers<br><font style=\"font-feature-settings: 'smcp'\" font=\"\" size=\"2\">Danielle Pougnet, Sandra Stoessel<\/font><\/p>\n\n\n\n<p>Apport d\u2019un \u00e9change europ\u00e9en pour une formation initiale des enseignants et enseignantes \u00e0 l\u2019\u00e9ducation inclusive<br><font style=\"font-feature-settings: 'smcp'\" font=\"\" size=\"2\">Muriel Epstein<\/font><\/p>\n\n\n\n<p>L\u2019identit\u00e9 professionnelle des enseignants \u00e0 Mayotte : entre mod\u00e9lisation et uniformisation ? Vers une ing\u00e9nierie de formation inclusive par le r\u00e9cit de vie<br><font style=\"font-feature-settings: 'smcp'\" font=\"\" size=\"2\">Lina Ribeiro, Ga\u00eblle Lefer Sauvage<\/font><\/p>\n\n\n\n<p>Transformation des repr\u00e9sentations et construction de comp\u00e9tences dans une perspective inclusive lors d\u2019une formation \u00e0 l\u2019approche intersectionnelle avec des professeur\u00b7e\u00b7s des \u00e9coles stagiaires<br><font style=\"font-feature-settings: 'smcp'\" font=\"\" size=\"2\">Odile Maufrais<\/font><\/p>\n\n\n\n<p>Formation au num\u00e9rique et aux pratiques p\u00e9dagogiques inclusives : vers un enrichissement r\u00e9ciproque ?<br><font style=\"font-feature-settings: 'smcp'\" font=\"\" size=\"2\">Pierre Lign\u00e9e, Florent Pasquier<\/font><\/p>\n\n\n\n<p>Inclure les \u00e9l\u00e8ves en situation de handicap dans le premier degr\u00e9 : quelles ressources pour les enseignants ?<br><font style=\"font-feature-settings: 'smcp'\" font=\"\" size=\"2\">Marine Dintrich, Caroline Ladage<\/font><\/p>\n\n\n\n<p>Education inclusive et formation des enseignants sp\u00e9cialis\u00e9s : repr\u00e9sentations et cultures en \u00e9volution<br><font style=\"font-feature-settings: 'smcp'\" font=\"\" size=\"2\">Sandrine Dicharry, Keyla Santana Painaud<\/font><\/p>\n\n\n\n<p><strong>\u00c9ducation et enseignement<\/strong><\/p>\n\n\n\n<p>L\u2019inclusion scolaire des \u00e9l\u00e8ves ayant un Trouble du Spectre Autistique entre pratiques p\u00e9dagogiques et repr\u00e9sentations des professeurs des \u00e9coles tunisiennes<br><font style=\"font-feature-settings: 'smcp'\" font=\"\" size=\"2\">Amen Dhahri<\/font><\/p>\n\n\n\n<p>Bien vivre \u00e0 l\u2019Universit\u00e9 : entre conformisme et diversit\u00e9 des profils des \u00e9tudiants du dispositif Atypie Friendly<br><font style=\"font-feature-settings: 'smcp'\" font=\"\" size=\"2\">Jeanne Kruck, Melina Dell\u2019armi, Federica Cilia<\/font><\/p>\n\n\n\n<p>L\u2019inclusion pour les \u00e9l\u00e8ves de Segpa : des imaginaires partageables <br><font style=\"font-feature-settings: 'smcp'\" font=\"\" size=\"2\">Vincent Gevrey, Alexandre Ploy\u00e9<\/font><\/p>\n\n\n\n<p>Exp\u00e9rimenter le vid\u00e9o-montage avec des jeunes en situation de handicap \u00e0 Mayotte pour construire son identit\u00e9 professionnelle<br><font style=\"font-feature-settings: 'smcp'\" font=\"\" size=\"2\">Ga\u00eblle Lefer Sauvage, Cendrine Mercier, Pierre-Olivier Weiss<\/font><\/p>\n\n\n\n<p>La scolarisation inclusive : une rencontre avec \u00ab l\u2019inqui\u00e9tante \u00e9tranget\u00e9 \u00bb. Le cas d\u2019une professeure des \u00e9coles<br><font style=\"font-feature-settings: 'smcp'\" font=\"\" size=\"2\">Matthieu Laugier<\/font><\/p>\n\n\n\n<p>Le corps et ses (d\u00e9)placements en classe : une dimension d\u00e9cisive dans le d\u00e9veloppement d\u2019un style professionnel inclusif chez les enseignants<br><font style=\"font-feature-settings: 'smcp'\" font=\"\" size=\"2\">R\u00e9mi Poymiro<\/font><\/p>\n\n\n\n<p>Les paradoxes de la libert\u00e9 p\u00e9dagogique : l\u2019exemple du lyc\u00e9e professionnel<br><font style=\"font-feature-settings: 'smcp'\" font=\"\" size=\"2\">Guillaume Jacq<\/font><\/p>\n\n\n\n<p>Concevoir un dispositif de coop\u00e9ration entre des \u00e9l\u00e8ves francophones et non-francophones en EPS : une d\u00e9marche d\u2019\u00e9ducation inclusive<br><font style=\"font-feature-settings: 'smcp'\" font=\"\" size=\"2\">Liza Martin-Jourdan, Florence Darnis, Guillaume Escali\u00e9<\/font><\/p>\n\n\n\n<p>Regards crois\u00e9s sur l\u2019inclusion des enfants \u00e0 besoins \u00e9ducatifs particuliers \u00e0 l\u2019\u00e9cole<br><font style=\"font-feature-settings: 'smcp'\" font=\"\" size=\"2\">Servane Boursier, Barbara V\u00e9rit\u00e9<\/font><\/p>\n\n\n\n<p>D\u00e9velopper les transitions inclusives \u00e0 l\u2019universit\u00e9 : Entre homog\u00e9n\u00e9isation des pratiques et innovations p\u00e9dagogiques, l\u2019exp\u00e9rience des acteurs<br><font style=\"font-feature-settings: 'smcp'\" font=\"\" size=\"2\">Jean-Yves Anjard<\/font><\/p>\n\n\n\n<p>Post-face&nbsp;: L\u2019inint\u00e9grable dernier royaume, sporades de Pascal Quignard<br><font style=\"font-feature-settings: 'smcp'\" font=\"\" size=\"2\">Pierre Johan Laffitte<\/font><\/p>\n\n\n\n<div class=\"wp-block-buttons is-layout-flex wp-block-buttons-is-layout-flex\">\n<div class=\"wp-block-button\"><a class=\"wp-block-button__link wp-element-button\">Acheter le num\u00e9ro<\/a><\/div>\n\n\n\n<div class=\"wp-block-button\"><a class=\"wp-block-button__link wp-element-button\">Lire sur Cairn<\/a><\/div>\n<\/div>\n","protected":false},"excerpt":{"rendered":"<p>n\u00b0 2024 Sous la direction de Magdalena Kohout-Diaz et Jean Vannereau\u00a0 ISBN : 978-2-336-49168-4 R\u00e9sum\u00e9 Dans un contexte o\u00f9 l\u2019\u00e9ducation inclusive est affich\u00e9e comme une priorit\u00e9 mondiale, les pratiques de formation, \u00e9ducatives ou manag\u00e9riales r\u00e9v\u00e8lent un \u00e9cart parfois saisissant entre les id\u00e9aux et les r\u00e9alit\u00e9s. Alors que l\u2019approche inclusive se veut une r\u00e9ponse \u00e0 la [&hellip;]<\/p>\n","protected":false},"author":1,"featured_media":0,"parent":84,"menu_order":0,"comment_status":"closed","ping_status":"closed","template":"","meta":{"site-sidebar-layout":"default","site-content-layout":"","ast-site-content-layout":"default","site-content-style":"default","site-sidebar-style":"default","ast-global-header-display":"","ast-banner-title-visibility":"","ast-main-header-display":"","ast-hfb-above-header-display":"","ast-hfb-below-header-display":"","ast-hfb-mobile-header-display":"","site-post-title":"","ast-breadcrumbs-content":"","ast-featured-img":"","footer-sml-layout":"","ast-disable-related-posts":"","theme-transparent-header-meta":"","adv-header-id-meta":"","stick-header-meta":"","header-above-stick-meta":"","header-main-stick-meta":"","header-below-stick-meta":"","astra-migrate-meta-layouts":"default","ast-page-background-enabled":"default","ast-page-background-meta":{"desktop":{"background-color":"var(--ast-global-color-5)","background-image":"","background-repeat":"repeat","background-position":"center center","background-size":"auto","background-attachment":"scroll","background-type":"","background-media":"","overlay-type":"","overlay-color":"","overlay-opacity":"","overlay-gradient":""},"tablet":{"background-color":"","background-image":"","background-repeat":"repeat","background-position":"center center","background-size":"auto","background-attachment":"scroll","background-type":"","background-media":"","overlay-type":"","overlay-color":"","overlay-opacity":"","overlay-gradient":""},"mobile":{"background-color":"","background-image":"","background-repeat":"repeat","background-position":"center center","background-size":"auto","background-attachment":"scroll","background-type":"","background-media":"","overlay-type":"","overlay-color":"","overlay-opacity":"","overlay-gradient":""}},"ast-content-background-meta":{"desktop":{"background-color":"var(--ast-global-color-4)","background-image":"","background-repeat":"repeat","background-position":"center center","background-size":"auto","background-attachment":"scroll","background-type":"","background-media":"","overlay-type":"","overlay-color":"","overlay-opacity":"","overlay-gradient":""},"tablet":{"background-color":"var(--ast-global-color-4)","background-image":"","background-repeat":"repeat","background-position":"center center","background-size":"auto","background-attachment":"scroll","background-type":"","background-media":"","overlay-type":"","overlay-color":"","overlay-opacity":"","overlay-gradient":""},"mobile":{"background-color":"var(--ast-global-color-4)","background-image":"","background-repeat":"repeat","background-position":"center center","background-size":"auto","background-attachment":"scroll","background-type":"","background-media":"","overlay-type":"","overlay-color":"","overlay-opacity":"","overlay-gradient":""}},"footnotes":""},"class_list":["post-340","page","type-page","status-publish","hentry"],"_links":{"self":[{"href":"https:\/\/airspe.org\/index.php\/wp-json\/wp\/v2\/pages\/340","targetHints":{"allow":["GET"]}}],"collection":[{"href":"https:\/\/airspe.org\/index.php\/wp-json\/wp\/v2\/pages"}],"about":[{"href":"https:\/\/airspe.org\/index.php\/wp-json\/wp\/v2\/types\/page"}],"author":[{"embeddable":true,"href":"https:\/\/airspe.org\/index.php\/wp-json\/wp\/v2\/users\/1"}],"replies":[{"embeddable":true,"href":"https:\/\/airspe.org\/index.php\/wp-json\/wp\/v2\/comments?post=340"}],"version-history":[{"count":7,"href":"https:\/\/airspe.org\/index.php\/wp-json\/wp\/v2\/pages\/340\/revisions"}],"predecessor-version":[{"id":347,"href":"https:\/\/airspe.org\/index.php\/wp-json\/wp\/v2\/pages\/340\/revisions\/347"}],"up":[{"embeddable":true,"href":"https:\/\/airspe.org\/index.php\/wp-json\/wp\/v2\/pages\/84"}],"wp:attachment":[{"href":"https:\/\/airspe.org\/index.php\/wp-json\/wp\/v2\/media?parent=340"}],"curies":[{"name":"wp","href":"https:\/\/api.w.org\/{rel}","templated":true}]}}