{"id":325,"date":"2025-08-08T16:38:48","date_gmt":"2025-08-08T14:38:48","guid":{"rendered":"https:\/\/airspe.org\/?page_id=325"},"modified":"2025-08-12T09:55:50","modified_gmt":"2025-08-12T07:55:50","slug":"education-et-cognition-des-elements-theoriques-amenes-par-les-diverses-modelisations-a-la-pedagogie-freinet","status":"publish","type":"page","link":"https:\/\/airspe.org\/index.php\/la-revue\/numeros-parus\/education-et-cognition-des-elements-theoriques-amenes-par-les-diverses-modelisations-a-la-pedagogie-freinet\/","title":{"rendered":"Education et cognition. Des \u00e9l\u00e9ments th\u00e9oriques amen\u00e9s par les diverses mod\u00e9lisations \u00e0 la p\u00e9dagogie Freinet"},"content":{"rendered":"\n<p>N\u00b0 2020<\/p>\n\n\n\n<p>Sous la direction de Jean Vannereau<br>Publi\u00e9 avec le concours de l\u2019INSPE de l\u2019Acad\u00e9mie de Bordeaux et de l\u2019Universit\u00e9 de Bordeaux<\/p>\n\n\n\n<p>ISBN : 978-2-343-21254-8<\/p>\n\n\n\n<h2 class=\"wp-block-heading\">R\u00e9sum\u00e9<\/h2>\n\n\n\n<p>Ce num\u00e9ro est consacr\u00e9 aux rapports entre \u00ab&nbsp;cognition et \u00e9ducation&nbsp;\u00bb, d\u00e9bat que nombre d&#8217;entre nous tiennent \u00e0 ne pas laisser mener &#8211; et gagner &#8211; par une doxa \u00ab&nbsp;cognitiviste&nbsp;\u00bb dominante. Dans le champ des paradigmes de la cognition, r\u00e8gnent des tensions vives entre une conception dure et radicale, parmi ces paradigmes, et une conception plus complexe (au sens \u00e9pist\u00e9mologique strict du terme). La domination actuelle, par la premi\u00e8re tendance, du champ du pouvoir \u00e9ducatif et minist\u00e9riel fran\u00e7ais (au moins) rend n\u00e9cessaire l\u2019affirmation d\u2019une dissonance dans cette doxa qui s&#8217;impose depuis plusieurs ann\u00e9es, sous couvert d\u2019une posture qui, nombre des participants \u00e0 notre num\u00e9ro en attestent, n\u2019a rien de la toute-puissance et de l&#8217;\u00e9vidence scientifique dont elle s\u2019auto-proclame la porteuse. On peut aujourd&#8217;hui craindre que le \u00ab&nbsp;tournant cognitif&nbsp;\u00bb qui marque l\u2019ensemble des sciences humaines, sociales et \u00e9ducatives, fasse tomber le champ des \u00e9tudes cognitives dans un \u00ab&nbsp;cognitivisme&nbsp;\u00bb.<br>Face \u00e0 cette domination, le colloque de Bordeaux de 2019 a \u00e9t\u00e9 organis\u00e9 afin de faire entendre, de l\u2019int\u00e9rieur des paradigmes de la cognition et de leur champ \u00e9pist\u00e9mologique, la pluralit\u00e9 des perspectives qui animent ce champ et leur articulation \u00e0 d&#8217;autres champs de pratique et de pens\u00e9e &#8211; au premier rang desquels la p\u00e9dagogie Freinet. En effet, insistons-y, ce num\u00e9ro qui finalise le colloque a volontairement situ\u00e9 sa position pol\u00e9mique de fa\u00e7on interne au champ cognitif et non dans une vis\u00e9e frontalement divergente. Gageons que sa position r\u00e9side dans la r\u00e9instauration d&#8217;une qualit\u00e9 critique porteuse d&#8217;h\u00e9t\u00e9rog\u00e9n\u00e9it\u00e9 contre la tendance au figement monolithique de ce qui tend \u00e0 \u00eatre non plus une science, mais une id\u00e9ologie.<\/p>\n\n\n\n<h2 class=\"wp-block-heading\">Sommaire<\/h2>\n\n\n\n<p>\u00c9ditorial<br><font style=\"font-feature-settings: 'smcp'\" font=\"\" size=\"2\">Pierre Johan Laffitte, Jean-Claude Sallaberry<\/font><\/p>\n\n\n\n<p style=\"line-height:1.5\">Pr\u00e9sentation du num\u00e9ro<br><font style=\"font-feature-settings: 'smcp'\" font=\"\" size=\"2\">Jean Vannereau<\/font><\/p>\n\n\n\n<p><strong>Conf\u00e9rences<\/strong><\/p>\n\n\n\n<p>Mod\u00e8les du rapport neuro-fonctionnel, ou comment la cognition serait relative au cerveau&nbsp;: du dualisme \u00e0 l\u2019intrication quantique<br><font style=\"font-feature-settings: 'smcp'\" font=\"\" size=\"2\">Bernard Claverie<\/font><\/p>\n\n\n\n<p>Mod\u00e9lisation et pertinence<br><font style=\"font-feature-settings: 'smcp'\" font=\"\" size=\"2\">Jean-Claude Sallaberry<\/font><\/p>\n\n\n\n<p>Entre cahiers et claviers&nbsp;: l&#8217;intelligence artificielle \u00e0 l&#8217;\u00e9cole<br><font style=\"font-feature-settings: 'smcp'\" font=\"\" size=\"2\">Beno\u00eet Le Blanc<\/font><\/p>\n\n\n\n<p><strong>Table ronde : P\u00e9dagogie coop\u00e9rative dans l&#8217;enseignement sup\u00e9rieur<\/strong><\/p>\n\n\n\n<p>Pr\u00e9sentation<br><font style=\"font-feature-settings: 'smcp'\" font=\"\" size=\"2\">Jean-Claude Sallaberry<\/font><\/p>\n\n\n\n<p>Construction coop\u00e9rative d&#8217;une posture de chercheure<br><font style=\"font-feature-settings: 'smcp'\" font=\"\" size=\"2\">C\u00e9cile Go\u00ef<\/font><\/p>\n\n\n\n<p>Parcours de formation et p\u00e9dagogie coop\u00e9rative dans l&#8217;enseignement sup\u00e9rieur<br><font style=\"font-feature-settings: 'smcp'\" font=\"\" size=\"2\">Xavier Cosnard<\/font><\/p>\n\n\n\n<p>Se raccrocher aux branches et y d\u00e9couvrir l&#8217;arkh\u00ea-r\u00e9f\u00e9rent<br><font style=\"font-feature-settings: 'smcp'\" font=\"\" size=\"2\">Ricardo Tom\u00e9 Pe\u00f1a, Richard Tom\u00e9<\/font><\/p>\n\n\n\n<p>Le DURF, l\u2019homme qui marche !<br><font style=\"font-feature-settings: 'smcp'\" font=\"\" size=\"2\">Jordi Vall\u00e8s<\/font><\/p>\n\n\n\n<p><strong>Table ronde : P\u00e9dagogies multilingues et coop\u00e9ratives en Calandretas<\/strong><\/p>\n\n\n\n<p>P\u00e9dagogies multilingues et coop\u00e9ratives en Calandretas. Bilinguisme immersif, psycholinguistique et m\u00e9thodes naturelles d&#8217;apprentissages<br><font style=\"font-feature-settings: 'smcp'\" font=\"\" size=\"2\">Patrici Baccou, Pierre Johan Laffitte<\/font><\/p>\n\n\n\n<p>La naissance d&#8217;un double cheminement. Les Calandretas occitanes entre immersion linguistique et p\u00e9dagogie institutionnelle<br><font style=\"font-feature-settings: 'smcp'\" font=\"\" size=\"2\">Felip Hammel<\/font><\/p>\n\n\n\n<p>L&#8217;occitan, appui au plurilinguisme. Vie quotidienne des langues et de leurs sujets \u00e0 1&#8217;\u00c9cole Calandreta de Pau<br><font style=\"font-feature-settings: 'smcp'\" font=\"\" size=\"2\">Chantal Tuheil, Isab\u00e8u Vergnes<\/font><\/p>\n\n\n\n<p><strong>Table ronde : Du paradigme p\u00e9dagogique et du paradigme freudien. D\u00e9fense et illustration d&#8217;une n\u00e9gativit\u00e9 contemporaine<\/strong><\/p>\n\n\n\n<p>Une table ronde europ\u00e9enne<br><font style=\"font-feature-settings: 'smcp'\" font=\"\" size=\"2\">Synnove Miklestad, Giuliana Santarelli, Pierre Johan Laffitte<\/font><\/p>\n\n\n\n<p>Une g\u00eane dans le calcul de l&#8217;\u00e9ducation. Du paradigme p\u00e9dagogique dans les \u00ab sciences \u00bb de l&#8217;\u00e9ducation<br><font style=\"font-feature-settings: 'smcp'\" font=\"\" size=\"2\">Synnove Miklestad<\/font><\/p>\n\n\n\n<p>Ainsi vont nos temps&#8230; De la tentation positiviste dans le champ de la pedagogia speciale<br><font style=\"font-feature-settings: 'smcp'\" font=\"\" size=\"2\">Giuliana Santarelli<\/font><\/p>\n\n\n\n<p>Trois n\u00e9gativit\u00e9s ou&nbsp;: d&#8217;un mat\u00e9rialisme qui ne serait pas du sordide. N\u00e9gativit\u00e9 s\u00e9miotique, dialectique et inconsciente \u00e0 travers l&#8217;\u0153uvre de Julia Kristeva<br><font style=\"font-feature-settings: 'smcp'\" font=\"\" size=\"2\">Pierre Johan Laffitte<\/font><\/p>\n\n\n\n<p><strong>Ateliers<\/strong><\/p>\n\n\n\n<p>L&#8217;apport de Francisco Varela et la question de la repr\u00e9sentation<br><font style=\"font-feature-settings: 'smcp'\" font=\"\" size=\"2\">Denis Bignalet-Cazalet<\/font><\/p>\n\n\n\n<p>R\u00e9flexivit\u00e9 ph\u00e9nom\u00e9nologique et autor\u00e9f\u00e9rentialit\u00e9 de la conscience dans l&#8217;\u00e9ducation et la formation \u00e0 la responsabilit\u00e9<br><font style=\"font-feature-settings: 'smcp'\" font=\"\" size=\"2\">H\u00e9l\u00e8ne Hag\u00e8ge<\/font><\/p>\n\n\n\n<p>Approche de la conscience par Francisco Varela&nbsp;: sciences cognitives et bouddhisme<br><font style=\"font-feature-settings: 'smcp'\" font=\"\" size=\"2\">Philippe Lestage<\/font><\/p>\n\n\n\n<p>Boucles autopoi\u00e9tiques \u00e9tranges<br><font style=\"font-feature-settings: 'smcp'\" font=\"\" size=\"2\">Jean-Claude Sallaberry<\/font><\/p>\n\n\n\n<p>Probl\u00e9matiser en analyse des pratiques&nbsp;: int\u00e9r\u00eats, obstacles, rep\u00e8res<br><font style=\"font-feature-settings: 'smcp'\" font=\"\" size=\"2\">Sylvie Fontaine, Jean Vannereau<\/font><\/p>\n\n\n\n<p>L&#8217;apprentissage tierc\u00e9is\u00e9&nbsp;: le cas des nouveaux dipl\u00f4m\u00e9s en soins infirmiers en Psychiatrie et Sant\u00e9 Mentale<br><font style=\"font-feature-settings: 'smcp'\" font=\"\" size=\"2\">Danielle Pougnet, Jean Vannereau<\/font><\/p>\n\n\n\n<p>\u00c9mergence de protocoles exp\u00e9rimentaux et gestion du mat\u00e9riel p\u00e9dagogique &#8211; d\u00e9fi sur la th\u00e9matique de l&#8217;air<br><font style=\"font-feature-settings: 'smcp'\" font=\"\" size=\"2\">Pierre Fleury<\/font><\/p>\n\n\n\n<p>Plurilinguisme et dynamique collaborative en formation de futurs enseignants du premier degr\u00e9<br><font style=\"font-feature-settings: 'smcp'\" font=\"\" size=\"2\">Dominique Macaire, S\u00e9verine Behra<\/font><\/p>\n\n\n\n<p>Articulation entre \u00ab&nbsp;cognition collective&nbsp;\u00bb et \u00ab&nbsp;cognition individuelle&nbsp;\u00bb, l&#8217;exemple de l&#8217;\u00e9valuation entre pairs pour une situation complexe en danse<br><font style=\"font-feature-settings: 'smcp'\" font=\"\" size=\"2\">Marie-France Fanton-Bayrou, Wajdi Matmari, Lucile Lafont<\/font><\/p>\n\n\n\n<p>\u00catre attentif pour apprendre \u00e0 l&#8217;\u00e8re du num\u00e9rique&nbsp;: repr\u00e9sentations des enseignants et pistes de m\u00e9diation<br><font style=\"font-feature-settings: 'smcp'\" font=\"\" size=\"2\">Camille Capelle, Cl\u00e9ment Dussarps<\/font><\/p>\n\n\n\n<p>L&#8217;\u00e9coute sensible du rapport au savoir, pr\u00e9sentation d&#8217;une exp\u00e9rience p\u00e9dagogique<br><font style=\"font-feature-settings: 'smcp'\" font=\"\" size=\"2\">Sylvie Barbier<\/font><\/p>\n\n\n\n<p>Construire les Savoirs et les Savoir-Faire en Management des Organisations. Approche \u00e9nantiologique et travail de l&#8217;\u00e9nantiose<br><font style=\"font-feature-settings: 'smcp'\" font=\"\" size=\"2\">Daniel Bonnet<\/font><\/p>\n\n\n\n<p>Les impacts de la P\u00e9dagogie Freinet en Gr\u00e8ce. Les r\u00e9sultats du \u00ab&nbsp;Programme pilote de formation et de mise en \u0153uvre de la p\u00e9dagogie Freinet dans l&#8217;enseignement public grec&nbsp;\u00bb<br><font style=\"font-feature-settings: 'smcp'\" font=\"\" size=\"2\">Despina Karakatsani, Sofia Lahlou, Petros Trantas<\/font><\/p>\n\n\n\n<p>Les approches plurielles pour l&#8217;enseignement \/ apprentissage des langues dans des environnements plurilingues et pluriculturels. Exp\u00e9rience dans l&#8217;\u00e9cole publique hell\u00e9nique<br><font style=\"font-feature-settings: 'smcp'\" font=\"\" size=\"2\">Sofia Lahlou<\/font><\/p>\n\n\n\n<p>Indices et traces en didactique de l&#8217;histoire. Une application p\u00e9dagogique du paradigme indiciaire<br><font style=\"font-feature-settings: 'smcp'\" font=\"\" size=\"2\">C\u00e9dric Prevot, Denis Morin<\/font><\/p>\n\n\n\n<p>Effets d&#8217;un dispositif de tutorat entre pairs sur le d\u00e9veloppement de la professionnalit\u00e9 enseignante<br><font style=\"font-feature-settings: 'smcp'\" font=\"\" size=\"2\">Florence Darnis, Magali Boizumault, Elisabeth Magendie <\/font><\/p>\n\n\n\n<p>Apprentissages entre pairs et entra\u00eenement \u00e0 la prise de r\u00f4le&nbsp;: proposition d&#8217;un dispositif de formation de mod\u00e8les ajust\u00e9s dans un cycle de gymnastique au coll\u00e8ge<br><font style=\"font-feature-settings: 'smcp'\" font=\"\" size=\"2\">Liza Martin, Lucile Lafont<\/font><\/p>\n\n\n\n<div class=\"wp-block-buttons is-layout-flex wp-block-buttons-is-layout-flex\">\n<div class=\"wp-block-button\"><a class=\"wp-block-button__link wp-element-button\">Acheter le num\u00e9ro<\/a><\/div>\n\n\n\n<div class=\"wp-block-button\"><a class=\"wp-block-button__link wp-element-button\">Lire sur Cairn<\/a><\/div>\n<\/div>\n","protected":false},"excerpt":{"rendered":"<p>N\u00b0 2020 Sous la direction de Jean VannereauPubli\u00e9 avec le concours de l\u2019INSPE de l\u2019Acad\u00e9mie de Bordeaux et de l\u2019Universit\u00e9 de Bordeaux ISBN : 978-2-343-21254-8 R\u00e9sum\u00e9 Ce num\u00e9ro est consacr\u00e9 aux rapports entre \u00ab&nbsp;cognition et \u00e9ducation&nbsp;\u00bb, d\u00e9bat que nombre d&#8217;entre nous tiennent \u00e0 ne pas laisser mener &#8211; et gagner &#8211; par une doxa \u00ab&nbsp;cognitiviste&nbsp;\u00bb [&hellip;]<\/p>\n","protected":false},"author":1,"featured_media":0,"parent":84,"menu_order":0,"comment_status":"closed","ping_status":"closed","template":"","meta":{"site-sidebar-layout":"default","site-content-layout":"","ast-site-content-layout":"default","site-content-style":"default","site-sidebar-style":"default","ast-global-header-display":"","ast-banner-title-visibility":"","ast-main-header-display":"","ast-hfb-above-header-display":"","ast-hfb-below-header-display":"","ast-hfb-mobile-header-display":"","site-post-title":"","ast-breadcrumbs-content":"","ast-featured-img":"","footer-sml-layout":"","ast-disable-related-posts":"","theme-transparent-header-meta":"","adv-header-id-meta":"","stick-header-meta":"","header-above-stick-meta":"","header-main-stick-meta":"","header-below-stick-meta":"","astra-migrate-meta-layouts":"default","ast-page-background-enabled":"default","ast-page-background-meta":{"desktop":{"background-color":"var(--ast-global-color-5)","background-image":"","background-repeat":"repeat","background-position":"center center","background-size":"auto","background-attachment":"scroll","background-type":"","background-media":"","overlay-type":"","overlay-color":"","overlay-opacity":"","overlay-gradient":""},"tablet":{"background-color":"","background-image":"","background-repeat":"repeat","background-position":"center center","background-size":"auto","background-attachment":"scroll","background-type":"","background-media":"","overlay-type":"","overlay-color":"","overlay-opacity":"","overlay-gradient":""},"mobile":{"background-color":"","background-image":"","background-repeat":"repeat","background-position":"center center","background-size":"auto","background-attachment":"scroll","background-type":"","background-media":"","overlay-type":"","overlay-color":"","overlay-opacity":"","overlay-gradient":""}},"ast-content-background-meta":{"desktop":{"background-color":"var(--ast-global-color-4)","background-image":"","background-repeat":"repeat","background-position":"center center","background-size":"auto","background-attachment":"scroll","background-type":"","background-media":"","overlay-type":"","overlay-color":"","overlay-opacity":"","overlay-gradient":""},"tablet":{"background-color":"var(--ast-global-color-4)","background-image":"","background-repeat":"repeat","background-position":"center center","background-size":"auto","background-attachment":"scroll","background-type":"","background-media":"","overlay-type":"","overlay-color":"","overlay-opacity":"","overlay-gradient":""},"mobile":{"background-color":"var(--ast-global-color-4)","background-image":"","background-repeat":"repeat","background-position":"center center","background-size":"auto","background-attachment":"scroll","background-type":"","background-media":"","overlay-type":"","overlay-color":"","overlay-opacity":"","overlay-gradient":""}},"footnotes":""},"class_list":["post-325","page","type-page","status-publish","hentry"],"_links":{"self":[{"href":"https:\/\/airspe.org\/index.php\/wp-json\/wp\/v2\/pages\/325","targetHints":{"allow":["GET"]}}],"collection":[{"href":"https:\/\/airspe.org\/index.php\/wp-json\/wp\/v2\/pages"}],"about":[{"href":"https:\/\/airspe.org\/index.php\/wp-json\/wp\/v2\/types\/page"}],"author":[{"embeddable":true,"href":"https:\/\/airspe.org\/index.php\/wp-json\/wp\/v2\/users\/1"}],"replies":[{"embeddable":true,"href":"https:\/\/airspe.org\/index.php\/wp-json\/wp\/v2\/comments?post=325"}],"version-history":[{"count":13,"href":"https:\/\/airspe.org\/index.php\/wp-json\/wp\/v2\/pages\/325\/revisions"}],"predecessor-version":[{"id":351,"href":"https:\/\/airspe.org\/index.php\/wp-json\/wp\/v2\/pages\/325\/revisions\/351"}],"up":[{"embeddable":true,"href":"https:\/\/airspe.org\/index.php\/wp-json\/wp\/v2\/pages\/84"}],"wp:attachment":[{"href":"https:\/\/airspe.org\/index.php\/wp-json\/wp\/v2\/media?parent=325"}],"curies":[{"name":"wp","href":"https:\/\/api.w.org\/{rel}","templated":true}]}}