{"id":300,"date":"2025-06-21T10:50:00","date_gmt":"2025-06-21T08:50:00","guid":{"rendered":"https:\/\/airspe.org\/?page_id=300"},"modified":"2025-06-21T10:50:37","modified_gmt":"2025-06-21T08:50:37","slug":"lidentite-en-question","status":"publish","type":"page","link":"https:\/\/airspe.org\/index.php\/la-revue\/numeros-parus\/lidentite-en-question\/","title":{"rendered":"L&#8217;identit\u00e9 en question"},"content":{"rendered":"\n<p>n\u00b0 2023<\/p>\n\n\n\n<p>Sous la direction de C\u00e9cile Go\u00ef et Jean-Claude Sallaberry<\/p>\n\n\n\n<p>ISBN : 978-2-336-41071-5<\/p>\n\n\n\n<h2 class=\"wp-block-heading\">R\u00e9sum\u00e9<\/h2>\n\n\n\n<p>Le dossier 1 engage une d\u00e9construction de la notion d\u2019identit\u00e9, sur cinq modes (ou cinq pistes)\u00a0:<br>&#8211; un engagement \u00e0 \u00ab\u00a0ne pas devenir soi-m\u00eame\u00a0\u00bb qui s\u2019appuie sur Pascal Quignard\u00a0;<br>&#8211; la reprise de la suggestion de Francisco Varela (le \u00ab\u00a0moi\u00a0\u00bb \u00e9tant fragment\u00e9, il vaut mieux penser le \u00ab\u00a0soi\u00a0\u00bb comme virtuel)\u00a0;<br>&#8211; la proposition (Patrick Boumard) de concevoir que le comportement dissoci\u00e9 constitue une strat\u00e9gie existentielle, s\u2019opposant \u00e0 la norme que repr\u00e9sente l\u2019injonction \u00e0 une identit\u00e9 con\u00e7ue comme fondamentale et rep\u00e9rable\u00a0;<br>&#8211; la mise en question de cette norme \u00e0 partir du v\u00e9cu des sujets humains rep\u00e9r\u00e9s comme transgenres\u00a0;<br>&#8211; l\u2019id\u00e9e de concevoir l\u2019identit\u00e9 comme produite par les interactions entre sujets humains \u2013 de ce point de vue c\u2019est l\u2019interaction qui est premi\u00e8re, et non l\u2019identit\u00e9.<br>\u00c0 partir de l\u00e0, \u00e0 chaque d\u00e9construction correspond un outillage de reconstruction.<br>Le dossier 2 travaille la question de l\u2019identit\u00e9 professionnelle, dans des domaines divers, m\u00eame si c\u2019est celui de l\u2019\u00e9ducation qui est le plus pr\u00e9sent. La Table Ronde \u00e9largit la perspective.<\/p>\n\n\n\n<h2 class=\"wp-block-heading\">Sommaire<\/h2>\n\n\n\n<p>\u00c9ditorial<br><font style=\"font-feature-settings: 'smcp'\" font=\"\" size=\"2\">Pierre Johan Laffitte, Jean-Claude Sallaberry<\/font><\/p>\n\n\n\n<p>Pr\u00e9sentation du dossier 1<br><font style=\"font-feature-settings: 'smcp'\" font=\"\" size=\"2\">Jean-Claude Sallaberry<\/font><\/p>\n\n\n\n<p>\u00ab Ne deviens pas toi-m\u00eame \u00bb, L\u2019identit\u00e9 en question dans <em>La Barque silencieuse<\/em>, de Pascal Quignard<br><font style=\"font-feature-settings: 'smcp'\" font=\"\" size=\"2\">Chantal Lapeyre<\/font><\/p>\n\n\n\n<p>Francisco Varela, un esprit d\u00e9nu\u00e9 de <em>soi<\/em><br><font style=\"font-feature-settings: 'smcp'\" font=\"\" size=\"2\">Philippe Lestage<\/font><\/p>\n\n\n\n<p>\u00c0 Propos de la dissociation<br><font style=\"font-feature-settings: 'smcp'\" font=\"\" size=\"2\">Patrick Boumard, Jean Vannereau<\/font><\/p>\n\n\n\n<p>Le cis-normativisme \u00e9pist\u00e9mique de l\u2019identit\u00e9 trans contemporaine : quand les autres d\u00e9cident de qui vous avez le droit d\u2019\u00eatre<br><font style=\"font-feature-settings: 'smcp'\" font=\"\" size=\"2\">C\u00e9cile Go\u00ef, Anna Baleige<\/font><\/p>\n\n\n\n<p>Identit\u00e9 et interaction<br><font style=\"font-feature-settings: 'smcp'\" font=\"\" size=\"2\">Jean-Claude Sallaberry<\/font><\/p>\n\n\n\n<p>Pr\u00e9sentation du dossier 2<br><font style=\"font-feature-settings: 'smcp'\" font=\"\" size=\"2\">C\u00e9cile Go\u00ef<\/font><\/p>\n\n\n\n<p>Construction identitaire et engagement professionnel, quel lien ?<br><font style=\"font-feature-settings: 'smcp'\" font=\"\" size=\"2\">Ang\u00e9line Pl\u00e9nard<\/font><\/p>\n\n\n\n<p>Effets des r\u00e9formes sur les formateurs aux \u00ab m\u00e9tiers de la relation \u00bb : des identit\u00e9s professionnelles brouill\u00e9es<br><font style=\"font-feature-settings: 'smcp'\" font=\"\" size=\"2\">Th\u00e9r\u00e8se Perez-Roux<\/font><\/p>\n\n\n\n<p>Approcher l\u2019identit\u00e9 professionnelle des enseignants-chercheurs en sciences de l\u2019\u00e9ducation et de la formation : un levier pour r\u00e9nover les pratiques de recherche ?<br><font style=\"font-feature-settings: 'smcp'\" font=\"\" size=\"2\">Vincent Bonniol<\/font><\/p>\n\n\n\n<p>Un dispositif de formation au num\u00e9rique qui vient questionner l\u2019identit\u00e9 professionnelle enseignante<br><font style=\"font-feature-settings: 'smcp'\" font=\"\" size=\"2\">C\u00e9cile Plaud<\/font><\/p>\n\n\n\n<p>L\u2019identit\u00e9 du ma\u00eetre d\u2019apprentissage dans le champ des collectivit\u00e9s territoriales en question ?<br><font style=\"font-feature-settings: 'smcp'\" font=\"\" size=\"2\">Anne Olivier<\/font><\/p>\n\n\n\n<p>La professionnalisation des \u00e9ducateurs et leur identit\u00e9 professionnelle : un enjeu majeur pour la Protection Judiciaire de la Jeunesse<br><font style=\"font-feature-settings: 'smcp'\" font=\"\" size=\"2\">Asma Cheriguy<\/font><\/p>\n\n\n\n<p>Table ronde<\/p>\n\n\n\n<p>L\u2019identit\u00e9 culturelle : pi\u00e8ge assignatif ou reconnaissance de la singularit\u00e9 biographique ?<br><font style=\"font-feature-settings: 'smcp'\" font=\"\" size=\"2\">C\u00e9cile Go\u00ef<\/font><\/p>\n\n\n\n<p>L\u2019importance du r\u00e9cit dans la construction de l\u2019\u00eatre professionnel <br><font style=\"font-feature-settings: 'smcp'\" font=\"\" size=\"2\">Marie Eschmann<\/font><\/p>\n\n\n\n<p>La dynamique identitaire en formation d\u2019orientation professionnelle : consid\u00e9rations th\u00e9oriques et pratiques <br><font style=\"font-feature-settings: 'smcp'\" font=\"\" size=\"2\">M\u00e9riem Belhaddioui, Florent Pasquier<\/font><\/p>\n\n\n\n<p>L\u2019acculturation identitaire \u00e0 travers le langage du corps \u2014 Cas de 267 jeunes musulmans allophones r\u00e9cemment arriv\u00e9s en Allemagne <br><font style=\"font-feature-settings: 'smcp'\" font=\"\" size=\"2\">Ilhem Belarbi<\/font><\/p>\n\n\n\n<p>\u00c9valuateurs d\u2019hier et de demain : une identit\u00e9 professionnelle politique ? <br><font style=\"font-feature-settings: 'smcp'\" font=\"\" size=\"2\">Alban Roblez<\/font><\/p>\n\n\n\n<p>Une recherche en alphab\u00e9tisation \u00e0 l\u2019\u00e9cole primaire : construire et d\u00e9construire l\u2019acte de lecture-\u00e9criture avec l\u2019enfant<br><font style=\"font-feature-settings: 'smcp'\" font=\"\" size=\"2\">\u00c9lisabeth Maizonnier-Payelle <\/font><\/p>\n\n\n\n<p>Note de lecture : Velazquez Galindo, Yuribia <br><font style=\"font-feature-settings: 'smcp'\" font=\"\" size=\"2\">Nancy Hue<\/font><\/p>\n\n\n\n<div class=\"wp-block-buttons is-layout-flex wp-block-buttons-is-layout-flex\">\n<div class=\"wp-block-button\"><a class=\"wp-block-button__link wp-element-button\">Acheter le num\u00e9ro<\/a><\/div>\n\n\n\n<div class=\"wp-block-button\"><a class=\"wp-block-button__link wp-element-button\">Lire sur Cairn<\/a><\/div>\n<\/div>\n","protected":false},"excerpt":{"rendered":"<p>n\u00b0 2023 Sous la direction de C\u00e9cile Go\u00ef et Jean-Claude Sallaberry ISBN : 978-2-336-41071-5 R\u00e9sum\u00e9 Le dossier 1 engage une d\u00e9construction de la notion d\u2019identit\u00e9, sur cinq modes (ou cinq pistes)\u00a0:&#8211; un engagement \u00e0 \u00ab\u00a0ne pas devenir soi-m\u00eame\u00a0\u00bb qui s\u2019appuie sur Pascal Quignard\u00a0;&#8211; la reprise de la suggestion de Francisco Varela (le \u00ab\u00a0moi\u00a0\u00bb \u00e9tant fragment\u00e9, [&hellip;]<\/p>\n","protected":false},"author":1,"featured_media":0,"parent":84,"menu_order":0,"comment_status":"closed","ping_status":"closed","template":"","meta":{"site-sidebar-layout":"default","site-content-layout":"","ast-site-content-layout":"default","site-content-style":"default","site-sidebar-style":"default","ast-global-header-display":"","ast-banner-title-visibility":"","ast-main-header-display":"","ast-hfb-above-header-display":"","ast-hfb-below-header-display":"","ast-hfb-mobile-header-display":"","site-post-title":"","ast-breadcrumbs-content":"","ast-featured-img":"","footer-sml-layout":"","ast-disable-related-posts":"","theme-transparent-header-meta":"","adv-header-id-meta":"","stick-header-meta":"","header-above-stick-meta":"","header-main-stick-meta":"","header-below-stick-meta":"","astra-migrate-meta-layouts":"default","ast-page-background-enabled":"default","ast-page-background-meta":{"desktop":{"background-color":"var(--ast-global-color-5)","background-image":"","background-repeat":"repeat","background-position":"center center","background-size":"auto","background-attachment":"scroll","background-type":"","background-media":"","overlay-type":"","overlay-color":"","overlay-opacity":"","overlay-gradient":""},"tablet":{"background-color":"","background-image":"","background-repeat":"repeat","background-position":"center center","background-size":"auto","background-attachment":"scroll","background-type":"","background-media":"","overlay-type":"","overlay-color":"","overlay-opacity":"","overlay-gradient":""},"mobile":{"background-color":"","background-image":"","background-repeat":"repeat","background-position":"center center","background-size":"auto","background-attachment":"scroll","background-type":"","background-media":"","overlay-type":"","overlay-color":"","overlay-opacity":"","overlay-gradient":""}},"ast-content-background-meta":{"desktop":{"background-color":"var(--ast-global-color-4)","background-image":"","background-repeat":"repeat","background-position":"center center","background-size":"auto","background-attachment":"scroll","background-type":"","background-media":"","overlay-type":"","overlay-color":"","overlay-opacity":"","overlay-gradient":""},"tablet":{"background-color":"var(--ast-global-color-4)","background-image":"","background-repeat":"repeat","background-position":"center center","background-size":"auto","background-attachment":"scroll","background-type":"","background-media":"","overlay-type":"","overlay-color":"","overlay-opacity":"","overlay-gradient":""},"mobile":{"background-color":"var(--ast-global-color-4)","background-image":"","background-repeat":"repeat","background-position":"center center","background-size":"auto","background-attachment":"scroll","background-type":"","background-media":"","overlay-type":"","overlay-color":"","overlay-opacity":"","overlay-gradient":""}},"footnotes":""},"class_list":["post-300","page","type-page","status-publish","hentry"],"_links":{"self":[{"href":"https:\/\/airspe.org\/index.php\/wp-json\/wp\/v2\/pages\/300","targetHints":{"allow":["GET"]}}],"collection":[{"href":"https:\/\/airspe.org\/index.php\/wp-json\/wp\/v2\/pages"}],"about":[{"href":"https:\/\/airspe.org\/index.php\/wp-json\/wp\/v2\/types\/page"}],"author":[{"embeddable":true,"href":"https:\/\/airspe.org\/index.php\/wp-json\/wp\/v2\/users\/1"}],"replies":[{"embeddable":true,"href":"https:\/\/airspe.org\/index.php\/wp-json\/wp\/v2\/comments?post=300"}],"version-history":[{"count":1,"href":"https:\/\/airspe.org\/index.php\/wp-json\/wp\/v2\/pages\/300\/revisions"}],"predecessor-version":[{"id":301,"href":"https:\/\/airspe.org\/index.php\/wp-json\/wp\/v2\/pages\/300\/revisions\/301"}],"up":[{"embeddable":true,"href":"https:\/\/airspe.org\/index.php\/wp-json\/wp\/v2\/pages\/84"}],"wp:attachment":[{"href":"https:\/\/airspe.org\/index.php\/wp-json\/wp\/v2\/media?parent=300"}],"curies":[{"name":"wp","href":"https:\/\/api.w.org\/{rel}","templated":true}]}}