{"id":137,"date":"2025-03-07T08:58:02","date_gmt":"2025-03-07T07:58:02","guid":{"rendered":"https:\/\/airspe.org\/?page_id=137"},"modified":"2025-09-08T14:05:46","modified_gmt":"2025-09-08T12:05:46","slug":"lassociation","status":"publish","type":"page","link":"https:\/\/airspe.org\/index.php\/lassociation\/","title":{"rendered":"L&#8217;association"},"content":{"rendered":"\n<p>L\u2019AIRSP\u00c9 a pour but le d\u00e9veloppement en langue fran\u00e7aise de la recherche scientifique et praxique en \u00e9ducation, la diffusion internationale et l\u2019utilisation de cette recherche en vue d\u2019am\u00e9liorer les conditions de l\u2019\u00e9ducation ainsi que l\u2019ensemble des activit\u00e9s et pratiques \u00e9ducatives.<br>Pour atteindre ces buts l\u2019AIRSP\u00c9 s\u2019applique notamment :<br>&#8211; \u00e0 contribuer \u00e0 la production des connaissances, \u00e0 la diffusion et \u00e0 l\u2019utilisation des apports de la recherche en \u00e9ducation. Dans ce domaine elle s\u2019efforcera d\u2019apporter, apr\u00e8s n\u00e9gociations, une aide technique aux \u00e9ducateurs, aux communaut\u00e9s, aux institutions scolaires.<br>&#8211; \u00e0 promouvoir le progr\u00e8s des techniques et la constitution du mat\u00e9riel propre \u00e0 accro\u00eetre la rigueur des d\u00e9marches des chercheurs et la mani\u00e8re la plus efficace de pr\u00e9senter leurs r\u00e9sultats.<br>&#8211; \u00e0 \u00e9tablir des contacts entre les chercheurs et les autres partenaires de l\u2019\u00e9ducation, \u00e0 favoriser entre eux les \u00e9changes sous toutes leurs formes de publication, d\u2019informations et de documents.<br>&#8211; \u00e0 susciter une coordination des recherches ainsi que la cr\u00e9ation de r\u00e9seaux de chercheurs autour de th\u00e8mes communs et susceptibles de faire l\u2019objet de communications lors des r\u00e9unions scientifiques.<br>&#8211; \u00e0 promouvoir une r\u00e9flexion permanente sur l\u2019\u00e9volution des champs \u00e9ducatifs et sur celles des d\u00e9marches scientifiques.<br>&#8211; \u00e0 contribuer \u00e0 la formation mutuelle de ses membres.<br>&#8211; \u00e0 r\u00e9unir p\u00e9riodiquement des colloques r\u00e9serv\u00e9s aux membres de l\u2019Association et d\u2019autres types de r\u00e9unions ouvertes \u00e0 un plus vaste public.<\/p>\n\n\n\n<h2 class=\"wp-block-heading\">Membres du conseil d&#8217;adminisration<\/h2>\n\n\n\n<p>Denis Bignalet-Cazalet<br>Johan-Gunther Egginger<br>Olivier Francomme<br>Franc Morandi<br>Gwenaelle Ouanna<br>Adriana Parra-Carrasquilla<br>S\u00e9bastien Pesce<br>Florent Pasquier<br>Jean-Claude Sallaberry<br>Jean Vannereau<br>Pierre J. Laffitte<br>Marie-France Fanton Bayrou<br>Magdalena Kohout-Diaz<br>Anne Olivier<br><strong>Mexique&nbsp;:<\/strong> Patricia Ducoing<br><strong>Iran&nbsp;:<\/strong>&nbsp; Del Aram Bidabad (R 2023)<\/p>\n\n\n\n<h2 class=\"wp-block-heading\">Membres du bureau<\/h2>\n\n\n\n<p><strong>Pr\u00e9sident&nbsp;:<\/strong> Jean-Claude Sallaberry<br>T\u00e2che prioritaire&nbsp;: relations partenariales, s\u00e9minaires, revue (<em>L\u2019ann\u00e9e de la recherche en \u00e9ducation<\/em>)<\/p>\n\n\n\n<p><strong>Vice-pr\u00e9sident&nbsp;:<\/strong> Pierre J Laffitte, Franc Morandi<br>T\u00e2che prioritaire&nbsp;: aide \u00e0 l\u2019organisation de la revue (notamment les <em>varia<\/em>)<\/p>\n\n\n\n<p><strong>Tr\u00e9sorier&nbsp;:<\/strong> Denis Bignalet-Cazalet<br>T\u00e2che prioritaire&nbsp;: comptes associatifs, assembl\u00e9e g\u00e9n\u00e9rale<\/p>\n\n\n\n<p><strong>Tr\u00e9sorier adjoint&nbsp;:<\/strong>&nbsp;<br>T\u00e2che prioritaire&nbsp;: pr\u00e9sentation des comptes, d\u00e9claration imp\u00f4ts<\/p>\n\n\n\n<p><strong>Secr\u00e9taire g\u00e9n\u00e9ral&nbsp;:<\/strong> Olivier Francomme<br>T\u00e2che prioritaire&nbsp;: fichier, adh\u00e9sions, AG<\/p>\n\n\n\n<p><strong>Secr\u00e9taire g\u00e9n\u00e9ral adjoint&nbsp;:<\/strong> S\u00e9bastien Pesce<br>T\u00e2che prioritaire&nbsp;: diffusion revue<\/p>\n\n\n\n<p><strong>Secr\u00e9taire g\u00e9n\u00e9ral adjointe&nbsp;:<\/strong> Del Aram Bidabad<\/p>\n\n\n\n<p><strong>En charge de la revue&nbsp;:<\/strong> Pierre J. Laffitte<\/p>\n\n\n\n<p><strong>Repr\u00e9sentante du Mexique&nbsp;:<\/strong> Patricia Ducoing-Watti<\/p>\n\n\n\n<h2 class=\"wp-block-heading\">Partenaires<\/h2>\n\n\n\n<p><\/p>\n","protected":false},"excerpt":{"rendered":"<p>L\u2019AIRSP\u00c9 a pour but le d\u00e9veloppement en langue fran\u00e7aise de la recherche scientifique et praxique en \u00e9ducation, la diffusion internationale et l\u2019utilisation de cette recherche en vue d\u2019am\u00e9liorer les conditions de l\u2019\u00e9ducation ainsi que l\u2019ensemble des activit\u00e9s et pratiques \u00e9ducatives.Pour atteindre ces buts l\u2019AIRSP\u00c9 s\u2019applique notamment :&#8211; \u00e0 contribuer \u00e0 la production des connaissances, \u00e0 [&hellip;]<\/p>\n","protected":false},"author":1,"featured_media":0,"parent":0,"menu_order":0,"comment_status":"closed","ping_status":"closed","template":"","meta":{"site-sidebar-layout":"default","site-content-layout":"","ast-site-content-layout":"default","site-content-style":"default","site-sidebar-style":"default","ast-global-header-display":"","ast-banner-title-visibility":"","ast-main-header-display":"","ast-hfb-above-header-display":"","ast-hfb-below-header-display":"","ast-hfb-mobile-header-display":"","site-post-title":"","ast-breadcrumbs-content":"","ast-featured-img":"","footer-sml-layout":"","ast-disable-related-posts":"","theme-transparent-header-meta":"","adv-header-id-meta":"","stick-header-meta":"","header-above-stick-meta":"","header-main-stick-meta":"","header-below-stick-meta":"","astra-migrate-meta-layouts":"default","ast-page-background-enabled":"default","ast-page-background-meta":{"desktop":{"background-color":"var(--ast-global-color-5)","background-image":"","background-repeat":"repeat","background-position":"center center","background-size":"auto","background-attachment":"scroll","background-type":"","background-media":"","overlay-type":"","overlay-color":"","overlay-opacity":"","overlay-gradient":""},"tablet":{"background-color":"","background-image":"","background-repeat":"repeat","background-position":"center center","background-size":"auto","background-attachment":"scroll","background-type":"","background-media":"","overlay-type":"","overlay-color":"","overlay-opacity":"","overlay-gradient":""},"mobile":{"background-color":"","background-image":"","background-repeat":"repeat","background-position":"center center","background-size":"auto","background-attachment":"scroll","background-type":"","background-media":"","overlay-type":"","overlay-color":"","overlay-opacity":"","overlay-gradient":""}},"ast-content-background-meta":{"desktop":{"background-color":"var(--ast-global-color-4)","background-image":"","background-repeat":"repeat","background-position":"center center","background-size":"auto","background-attachment":"scroll","background-type":"","background-media":"","overlay-type":"","overlay-color":"","overlay-opacity":"","overlay-gradient":""},"tablet":{"background-color":"var(--ast-global-color-4)","background-image":"","background-repeat":"repeat","background-position":"center center","background-size":"auto","background-attachment":"scroll","background-type":"","background-media":"","overlay-type":"","overlay-color":"","overlay-opacity":"","overlay-gradient":""},"mobile":{"background-color":"var(--ast-global-color-4)","background-image":"","background-repeat":"repeat","background-position":"center center","background-size":"auto","background-attachment":"scroll","background-type":"","background-media":"","overlay-type":"","overlay-color":"","overlay-opacity":"","overlay-gradient":""}},"footnotes":""},"class_list":["post-137","page","type-page","status-publish","hentry"],"_links":{"self":[{"href":"https:\/\/airspe.org\/index.php\/wp-json\/wp\/v2\/pages\/137","targetHints":{"allow":["GET"]}}],"collection":[{"href":"https:\/\/airspe.org\/index.php\/wp-json\/wp\/v2\/pages"}],"about":[{"href":"https:\/\/airspe.org\/index.php\/wp-json\/wp\/v2\/types\/page"}],"author":[{"embeddable":true,"href":"https:\/\/airspe.org\/index.php\/wp-json\/wp\/v2\/users\/1"}],"replies":[{"embeddable":true,"href":"https:\/\/airspe.org\/index.php\/wp-json\/wp\/v2\/comments?post=137"}],"version-history":[{"count":7,"href":"https:\/\/airspe.org\/index.php\/wp-json\/wp\/v2\/pages\/137\/revisions"}],"predecessor-version":[{"id":412,"href":"https:\/\/airspe.org\/index.php\/wp-json\/wp\/v2\/pages\/137\/revisions\/412"}],"wp:attachment":[{"href":"https:\/\/airspe.org\/index.php\/wp-json\/wp\/v2\/media?parent=137"}],"curies":[{"name":"wp","href":"https:\/\/api.w.org\/{rel}","templated":true}]}}